{"id":62,"date":"2020-11-09T16:22:35","date_gmt":"2020-11-09T15:22:35","guid":{"rendered":"https:\/\/cue.p.ihre-voransicht.de\/?page_id=62"},"modified":"2025-10-21T09:32:24","modified_gmt":"2025-10-21T07:32:24","slug":"office","status":"publish","type":"page","link":"https:\/\/www.cue-architekten.de\/en\/office\/","title":{"rendered":"Office"},"content":{"rendered":"<div class=\"block block--project-header \">\r\n    <div class=\"container\">\r\n        <div class=\"row\">\r\n            <div class=\"col-12 col-lg-8 \">\r\n                <div class=\"project-header--slider\">\r\n                                        <div class=\"slider--slide\">\r\n                        <img decoding=\"async\" class=\"img-fluid\" src=\"https:\/\/www.cue-architekten.de\/en\/wp-content\/uploads\/sites\/3\/2023\/03\/Ralf-Kallenberger-Peter-Uedingslohmann-Yves-Corneille-1.jpg\"  alt=\"\" title=\"\" \/>\r\n                    <\/div>\r\n                                    <\/div>\r\n            <\/div>\r\n\r\n            <div class=\"col-12 col-lg-4 \">\r\n                            <\/div>\r\n        <\/div>\r\n    <\/div>\r\n<\/div>\r\n\n\n<div class=\"block block--centered-content \">\r\n    <div class=\"container\">\r\n        <div class=\"centered-content--top-headline\">\r\n                    <\/div>\r\n\r\n        <div class=\"centered-content--content\">\r\n            <p>We develop comprehensive solutions for the architecture and retail design segments. Since our office was founded in 2002, Peter Uedingslohmann and Yves Corneille have consistently expanded the interdisciplinary team, and the Company can look back on successful and distinguished projects around the world. At the beginning of 2023, Ralf Kallenberger joined the company&#8217;s management after many years of collaboration and, as the third partner, contributes to the firm&#8217;s trendsetting development.<\/p>\n        <\/div>\r\n\r\n        \r\n                <div class=\"centered-content--link\">\r\n            <a href=\"#\" class=\"centered-content--show-more-information\" role=\"button\" aria-expanded=\"false\">\r\n                More information <img decoding=\"async\" src=\"https:\/\/www.cue-architekten.de\/en\/wp-content\/themes\/cue-architekten\/build\/images\/arrow-down.svg\" width=\"16\" alt=\"\">\r\n            <\/a>\r\n        <\/div>\r\n            <\/div>\r\n\r\n        <div class=\"centered-content--more-information\">\r\n        <div class=\"container\">\r\n            \r\n                            <div class=\"block block--project-header \">\r\n    <div class=\"container\">\r\n        <div class=\"row\">\r\n            <div class=\"col-12 col-lg-8 order-2\">\r\n                <div class=\"project-header--slider\">\r\n                                        <div class=\"slider--slide\">\r\n                        <img decoding=\"async\" class=\"img-fluid\" src=\"https:\/\/www.cue-architekten.de\/en\/wp-content\/uploads\/sites\/3\/2021\/03\/2970_3_web.jpg\"  alt=\"\" title=\"\" \/>\r\n                    <\/div>\r\n                                    <\/div>\r\n            <\/div>\r\n\r\n            <div class=\"col-12 col-lg-4 order-1\">\r\n                <h2>Designs for brick-and-mortar retail<\/h2>\n            <\/div>\r\n        <\/div>\r\n    <\/div>\r\n<\/div>\r\n\n\n<div class=\"block block--content \">\r\n    <div class=\"container\">\r\n        <div class=\"content--content\">\r\n            <p>Our activity in the high-rise sector means that we are active participants in the development of urban retail spaces and shopping centres. We can also offer competent advice when it comes to locations. We can offer holistic solutions for our national and international clients when it comes to their retail property, whether this is breathing new life into existing buildings, building up innovative brand architecture, or anything in between.<\/p>\n<p>We also develop designs for all aspects of brick-and-mortar retail. As well as preparing comprehensive corporate design solutions, we also support our customers with the visual presentation of their brand within the space, designing a unique trade fair presentation and retail design, and we can also offer support with merchandising. Our repertoire further includes developing and planning showrooms and outlets.<\/p>\n        <\/div>\r\n    <\/div>\r\n<\/div>\r\n\n\n<div class=\"block block--project-header \">\r\n    <div class=\"container\">\r\n        <div class=\"row\">\r\n            <div class=\"col-12 col-lg-8 \">\r\n                <div class=\"project-header--slider\">\r\n                                        <div class=\"slider--slide\">\r\n                        <img decoding=\"async\" class=\"img-fluid\" src=\"https:\/\/www.cue-architekten.de\/en\/wp-content\/uploads\/sites\/3\/2020\/11\/Wohnhaus-Koeln-Hahnwald-Front.jpg\"  alt=\"\" title=\"\" \/>\r\n                    <\/div>\r\n                                    <\/div>\r\n            <\/div>\r\n\r\n            <div class=\"col-12 col-lg-4 \">\r\n                <h2>High-quality detached houses<\/h2>\n            <\/div>\r\n        <\/div>\r\n    <\/div>\r\n<\/div>\r\n\n\n<div class=\"block block--content \">\r\n    <div class=\"container\">\r\n        <div class=\"content--content\">\r\n            <p>Our portfolio includes new buildings or renovations of residential houses, administration buildings, retail spaces and public structures, as well as conducting urban development studies and participating in competitions. We focus on planning and establishing high-quality detached houses and representative business premises.<\/p>\n<p>We see the diversity of our field as a great asset. This allows us to look ahead and act with creativity, and produce aesthetic, forward-thinking and sustainable living spaces for our clients.<\/p>\n        <\/div>\r\n    <\/div>\r\n<\/div>\r\n\n\n<div class=\"block block--project-header \">\r\n    <div class=\"container\">\r\n        <div class=\"row\">\r\n            <div class=\"col-12 col-lg-8 order-2\">\r\n                <div class=\"project-header--slider\">\r\n                                        <div class=\"slider--slide\">\r\n                        <img decoding=\"async\" class=\"img-fluid\" src=\"https:\/\/www.cue-architekten.de\/en\/wp-content\/uploads\/sites\/3\/2021\/03\/Esprit-Hong-Kong.jpg\"  alt=\"Esprit Hong Kong\" title=\"Esprit Hong Kong\" \/>\r\n                    <\/div>\r\n                                    <\/div>\r\n            <\/div>\r\n\r\n            <div class=\"col-12 col-lg-4 order-1\">\r\n                <h2>Representative business premises<\/h2>\n            <\/div>\r\n        <\/div>\r\n    <\/div>\r\n<\/div>\r\n            \r\n            <div class=\"centered-content--link\">\r\n                <a href=\"#\" class=\"centered-content--hide-more-information\" role=\"button\" aria-expanded=\"true\">\r\n                    Close <img decoding=\"async\" src=\"https:\/\/www.cue-architekten.de\/en\/wp-content\/themes\/cue-architekten\/build\/images\/arrow-close.svg\" width=\"16\" alt=\"\">\r\n                <\/a>\r\n            <\/div>\r\n        <\/div>\r\n    <\/div>\r\n    <\/div>\r\n\n\n<div class=\"block block--separator\">\r\n    <div class=\"container\">\r\n        <div class=\"separator--separator\"><\/div>\r\n    <\/div>\r\n<\/div>\n\n<div id=\"awards\"><div class=\"block block--awards-office\">\n    <div class=\"awards--top\">\n        <div class=\"container\">\n            <div class=\"awards--headline\">\n                Awards            <\/div>\n\n            <div class=\"awards--slider\">\n                                <div class=\"slider--slide\">\n                    <img decoding=\"async\" class=\"img-fluid\" src=\"https:\/\/www.cue-architekten.de\/en\/wp-content\/uploads\/sites\/3\/2021\/09\/CUE-Awards-1.png\" alt=\"\" loading=\"lazy\" \/>\n                <\/div>\n                                <div class=\"slider--slide\">\n                    <img decoding=\"async\" class=\"img-fluid\" src=\"https:\/\/www.cue-architekten.de\/en\/wp-content\/uploads\/sites\/3\/2021\/09\/CUE-Awards.png\" alt=\"\" loading=\"lazy\" \/>\n                <\/div>\n                                <div class=\"slider--slide\">\n                    <img decoding=\"async\" class=\"img-fluid\" src=\"https:\/\/www.cue-architekten.de\/en\/wp-content\/uploads\/sites\/3\/2021\/09\/Dezeen-Award-2019.png\" alt=\"\" loading=\"lazy\" \/>\n                <\/div>\n                                <div class=\"slider--slide\">\n                    <img decoding=\"async\" class=\"img-fluid\" src=\"https:\/\/www.cue-architekten.de\/en\/wp-content\/uploads\/sites\/3\/2021\/09\/CUE-Awards-2.png\" alt=\"\" loading=\"lazy\" \/>\n                <\/div>\n                                <div class=\"slider--slide\">\n                    <img decoding=\"async\" class=\"img-fluid\" src=\"https:\/\/www.cue-architekten.de\/en\/wp-content\/uploads\/sites\/3\/2021\/09\/German-Design-Award-2018.png\" alt=\"\" loading=\"lazy\" \/>\n                <\/div>\n                                <div class=\"slider--slide\">\n                    <img decoding=\"async\" class=\"img-fluid\" src=\"https:\/\/www.cue-architekten.de\/en\/wp-content\/uploads\/sites\/3\/2021\/09\/Stores-of-the-Year.png\" alt=\"\" loading=\"lazy\" \/>\n                <\/div>\n                                <div class=\"slider--slide\">\n                    <img decoding=\"async\" class=\"img-fluid\" src=\"https:\/\/www.cue-architekten.de\/en\/wp-content\/uploads\/sites\/3\/2021\/09\/Bauwelt-Award.png\" alt=\"\" loading=\"lazy\" \/>\n                <\/div>\n                                <div class=\"slider--slide\">\n                    <img decoding=\"async\" class=\"img-fluid\" src=\"https:\/\/www.cue-architekten.de\/en\/wp-content\/uploads\/sites\/3\/2021\/09\/DAM-Preis-2019.png\" alt=\"\" loading=\"lazy\" \/>\n                <\/div>\n                                <div class=\"slider--slide\">\n                    <img decoding=\"async\" class=\"img-fluid\" src=\"https:\/\/www.cue-architekten.de\/en\/wp-content\/uploads\/sites\/3\/2021\/09\/Iconic-Award-2017.png\" alt=\"\" loading=\"lazy\" \/>\n                <\/div>\n                                <div class=\"slider--slide\">\n                    <img decoding=\"async\" class=\"img-fluid\" src=\"https:\/\/www.cue-architekten.de\/en\/wp-content\/uploads\/sites\/3\/2021\/09\/Stahlbau-Award-2018.png\" alt=\"\" loading=\"lazy\" \/>\n                <\/div>\n                            <\/div>\n\n                        <div class=\"awards--link\">\n                <a href=\"#\" class=\"awards--show-awards\" role=\"button\" aria-expanded=\"false\">\n                    More awards <img decoding=\"async\" src=\"https:\/\/www.cue-architekten.de\/en\/wp-content\/themes\/cue-architekten\/build\/images\/arrow-down.svg\" width=\"16\" alt=\"\">\n                <\/a>\n            <\/div>\n            \n                    <\/div>\n    <\/div>\n\n    <div class=\"awards--bottom\">\n        <div class=\"container\">\n            <div class=\"row\">\n                <div class=\"col-12 col-lg-3\">\n                    <div class=\"awards--headline\">\n                        All awards                    <\/div>\n                <\/div>\n\n                <div class=\"col-12 col-lg-9\">\n                    <div class=\"awards--awards\">\n                        <div class=\"row justify-content-between\">\n                                                            <div class=\"col-12 col-lg-6 awards--award\">\n                                    <div class=\"award--title\">Residential house in Cologne Junkersdorf,<br \/>\r\nBest of Houzz Design Award<\/div>\n                                    <div class=\"award--year\">2020<\/div>\n                                <\/div>\n                                                            <div class=\"col-12 col-lg-6 awards--award\">\n                                    <div class=\"award--title\">Mid-Century Bungalow,<br \/>\r\nH\u00e4user Award, 2nd prize<\/div>\n                                    <div class=\"award--year\">2019<\/div>\n                                <\/div>\n                                                            <div class=\"col-12 col-lg-6 awards--award\">\n                                    <div class=\"award--title\">City apartment in Cologne, Frame Awards,<br \/>\r\ncategory \u2018Large Apartment of the Year\u2019, nomination<\/div>\n                                    <div class=\"award--year\">2019<\/div>\n                                <\/div>\n                                                            <div class=\"col-12 col-lg-6 awards--award\">\n                                    <div class=\"award--title\">Mid-Century Bungalow<br \/>\r\nDAM Prize for Architecture, nomination<\/div>\n                                    <div class=\"award--year\">2019<\/div>\n                                <\/div>\n                                                            <div class=\"col-12 col-lg-6 awards--award\">\n                                    <div class=\"award--title\">Residential house in Cologne Hahnwald, German Design Award,<br \/>\r\ncategory \u2018Architecture\u2019, winner<\/div>\n                                    <div class=\"award--year\">2018<\/div>\n                                <\/div>\n                                                            <div class=\"col-12 col-lg-6 awards--award\">\n                                    <div class=\"award--title\">Galerie Caf\u00e9 D\u00fcsseldorf,<br \/>\r\nGlobal Architecture and Design Awards,<br \/>\r\ncategory, \u2018Mixed Use (built)\u2019, 3rd prize <\/div>\n                                    <div class=\"award--year\">2018<\/div>\n                                <\/div>\n                                                            <div class=\"col-12 col-lg-6 awards--award\">\n                                    <div class=\"award--title\">Mid-Century Bungalow, Global Architecture and Design Awards, category \u2018Private Residence (built)\u2019 recognition<\/div>\n                                    <div class=\"award--year\">2018<\/div>\n                                <\/div>\n                                                            <div class=\"col-12 col-lg-6 awards--award\">\n                                    <div class=\"award--title\">Galerie Caf\u00e9 D\u00fcsseldorf,<br \/>\r\nGerman Steel Construction Award, selection<\/div>\n                                    <div class=\"award--year\">2018<\/div>\n                                <\/div>\n                                                            <div class=\"col-12 col-lg-6 awards--award\">\n                                    <div class=\"award--title\">Mid-Century Bungalow, H\u00e4user des Jahres,<br \/>\r\nthe 50 best detached houses, selection<\/div>\n                                    <div class=\"award--year\">2018<\/div>\n                                <\/div>\n                                                            <div class=\"col-12 col-lg-6 awards--award\">\n                                    <div class=\"award--title\">Mid-Century Bungalow, Dezeen Awards,<br \/>\r\ncategory \u2018Rebirth\u2019, nomination<\/div>\n                                    <div class=\"award--year\">2018<\/div>\n                                <\/div>\n                                                            <div class=\"col-12 col-lg-6 awards--award\">\n                                    <div class=\"award--title\">Orsay D\u00fcsseldorf, HDE Stores of the Year,<br \/>\r\ncategory \u2018Fashion\u2019, nomination<\/div>\n                                    <div class=\"award--year\">2018<\/div>\n                                <\/div>\n                                                            <div class=\"col-12 col-lg-6 awards--award\">\n                                    <div class=\"award--title\">Mid-Century Bungalow<br \/>\r\nHeinze ArchitektenAWARD, nomination<\/div>\n                                    <div class=\"award--year\">2018<\/div>\n                                <\/div>\n                                                            <div class=\"col-12 col-lg-6 awards--award\">\n                                    <div class=\"award--title\">Residential house in Cologne Junkersdorf,<br \/>\r\nBest of Houzz Design Award<\/div>\n                                    <div class=\"award--year\">2018<\/div>\n                                <\/div>\n                                                            <div class=\"col-12 col-lg-6 awards--award\">\n                                    <div class=\"award--title\">Residential house in Cologne Hahnwald, H\u00e4user des Jahres,<br \/>\r\nthe 50 best detached houses, selection<\/div>\n                                    <div class=\"award--year\">2017<\/div>\n                                <\/div>\n                                                            <div class=\"col-12 col-lg-6 awards--award\">\n                                    <div class=\"award--title\">Galerie Caf\u00e9 D\u00fcsseldorf, BDA prize, Auszeichnung guter Bauten 2017, award and audience prize<\/div>\n                                    <div class=\"award--year\">2017<\/div>\n                                <\/div>\n                                                            <div class=\"col-12 col-lg-6 awards--award\">\n                                    <div class=\"award--title\">Residential house in Cologne Hahnwald, Iconic Awards,<br \/>\r\ncategory \u2018Architecture\u2019, winner<\/div>\n                                    <div class=\"award--year\">2017<\/div>\n                                <\/div>\n                                                            <div class=\"col-12 col-lg-6 awards--award\">\n                                    <div class=\"award--title\">Residential house in Cologne Junkersdorf,<br \/>\r\nBest of Houzz Design Award<\/div>\n                                    <div class=\"award--year\">2017<\/div>\n                                <\/div>\n                                                            <div class=\"col-12 col-lg-6 awards--award\">\n                                    <div class=\"award--title\">Residential house in Cologne Hahnwald, Rethinking the Future Awards, category \u2018Residence (built)\u2019 1st prize<\/div>\n                                    <div class=\"award--year\">2017<\/div>\n                                <\/div>\n                                                            <div class=\"col-12 col-lg-6 awards--award\">\n                                    <div class=\"award--title\">Elb Stuttgart<br \/>\r\nStore of the Month, April<\/div>\n                                    <div class=\"award--year\">2017<\/div>\n                                <\/div>\n                                                            <div class=\"col-12 col-lg-6 awards--award\">\n                                    <div class=\"award--title\">Esprit Frankfurt, Innovationspreis Architektur+ Pr\u00e4sentation, category \u2018Synthesis \u2013 Architect and Industry in Collaboration\u2019 from specialist magazines AIT and xia intelligente architektur<\/div>\n                                    <div class=\"award--year\">2011<\/div>\n                                <\/div>\n                                                            <div class=\"col-12 col-lg-6 awards--award\">\n                                    <div class=\"award--title\">Park Villa<br \/>\r\nH\u00e4user Award, 2nd prize<\/div>\n                                    <div class=\"award--year\">2007<\/div>\n                                <\/div>\n                                                            <div class=\"col-12 col-lg-6 awards--award\">\n                                    <div class=\"award--title\">LRRH Berlin<br \/>\r\nContractworld Award, category \u2018Shop\u2019, 2nd prize<\/div>\n                                    <div class=\"award--year\">2006<\/div>\n                                <\/div>\n                                                            <div class=\"col-12 col-lg-6 awards--award\">\n                                    <div class=\"award--title\">Advancement award from the state of North-Rhine Westphalia for young artists, category \u2018Architecture\u2019, 1st prize<\/div>\n                                    <div class=\"award--year\">2003<\/div>\n                                <\/div>\n                                                            <div class=\"col-12 col-lg-6 awards--award\">\n                                    <div class=\"award--title\">Olymp &amp; Hades Dortmund<br \/>\r\nBauwelt Prize, category \u2018Interior spaces\u2019, recognition<\/div>\n                                    <div class=\"award--year\">2003<\/div>\n                                <\/div>\n                                                            <div class=\"col-12 col-lg-6 awards--award\">\n                                    <div class=\"award--title\">Fire and police station, Expo 2000 in Hanover<br \/>\r\nHebel Award, Yves Corneille, 1st purchase<\/div>\n                                    <div class=\"award--year\">1999<\/div>\n                                <\/div>\n                                                            <div class=\"col-12 col-lg-6 awards--award\">\n                                    <div class=\"award--title\">Exhibition and maintenance hall for the historic racecourse in Raeren, Belgium, advancement award from the German Steel Construction Association, Yves Corneille with Sven Greiser, 1st prize<\/div>\n                                    <div class=\"award--year\">1996<\/div>\n                                <\/div>\n                                                            <div class=\"col-12 col-lg-6 awards--award\">\n                                    <div class=\"award--title\">Beach restaurant, St. Peter-Ording<br \/>\r\nAdvancement award from the construction industry of Lower Saxony<br \/>\r\nPeter Uedingslohmann, 1st prize<\/div>\n                                    <div class=\"award--year\">1995<\/div>\n                                <\/div>\n                                                            <div class=\"col-12 col-lg-6 awards--award\">\n                                    <div class=\"award--title\">1st Leipzig ecology prize from Messe Leipzig GmbH<br \/>\r\nPeter Uedingslohmann, recognition<\/div>\n                                    <div class=\"award--year\">1995<\/div>\n                                <\/div>\n                                                    <\/div>\n                    <\/div>\n                <\/div>\n            <\/div>\n\n            <div class=\"awards--link\">\n                <a href=\"#\" class=\"awards--hide-awards\" role=\"button\" aria-expanded=\"true\">\n                    Close <img decoding=\"async\" src=\"https:\/\/www.cue-architekten.de\/en\/wp-content\/themes\/cue-architekten\/build\/images\/arrow-up-white.svg\" width=\"16\" alt=\"\">\n                <\/a>\n            <\/div>\n        <\/div>\n    <\/div>\n<\/div>\n<\/div>\n\n<div class=\"block block--separator\">\r\n    <div class=\"container\">\r\n        <div class=\"separator--separator\"><\/div>\r\n    <\/div>\r\n<\/div>\n\n<div id=\"Publications\"><div class=\"block block--publications-office\">\n    <div class=\"publications--top\">\n        <div class=\"container\">\n            <div class=\"publications--headline\">\n                Publications            <\/div>\n\n            <div class=\"publications--slider\">\n                                <div class=\"slider--slide\">\n                    <img decoding=\"async\" class=\"img-fluid\" src=\"https:\/\/www.cue-architekten.de\/en\/wp-content\/uploads\/sites\/3\/2024\/10\/Cube-Magazin-2023.jpg\" alt=\"\" loading=\"lazy\" \/>\n                <\/div>\n                                <div class=\"slider--slide\">\n                    <img decoding=\"async\" class=\"img-fluid\" src=\"https:\/\/www.cue-architekten.de\/en\/wp-content\/uploads\/sites\/3\/2024\/10\/Architura-2023.jpg\" alt=\"\" loading=\"lazy\" \/>\n                <\/div>\n                                <div class=\"slider--slide\">\n                    <img decoding=\"async\" class=\"img-fluid\" src=\"https:\/\/www.cue-architekten.de\/en\/wp-content\/uploads\/sites\/3\/2023\/03\/101-Traumhauser-2023.jpg\" alt=\"\" loading=\"lazy\" \/>\n                <\/div>\n                                <div class=\"slider--slide\">\n                    <img decoding=\"async\" class=\"img-fluid\" src=\"https:\/\/www.cue-architekten.de\/en\/wp-content\/uploads\/sites\/3\/2021\/12\/Cube-Magazin-2021.jpg\" alt=\"\" loading=\"lazy\" \/>\n                <\/div>\n                                <div class=\"slider--slide\">\n                    <img decoding=\"async\" class=\"img-fluid\" src=\"https:\/\/www.cue-architekten.de\/en\/wp-content\/uploads\/sites\/3\/2021\/12\/Bungalow-Design-2021.jpg\" alt=\"\" loading=\"lazy\" \/>\n                <\/div>\n                                <div class=\"slider--slide\">\n                    <img decoding=\"async\" class=\"img-fluid\" src=\"https:\/\/www.cue-architekten.de\/en\/wp-content\/uploads\/sites\/3\/2021\/01\/CUBE-Koeln-Bonn-2019.jpg\" alt=\"\" loading=\"lazy\" \/>\n                <\/div>\n                                <div class=\"slider--slide\">\n                    <img decoding=\"async\" class=\"img-fluid\" src=\"https:\/\/www.cue-architekten.de\/en\/wp-content\/uploads\/sites\/3\/2021\/01\/TIPP-2018.jpg\" alt=\"\" loading=\"lazy\" \/>\n                <\/div>\n                                <div class=\"slider--slide\">\n                    <img decoding=\"async\" class=\"img-fluid\" src=\"https:\/\/www.cue-architekten.de\/en\/wp-content\/uploads\/sites\/3\/2021\/01\/2019_Buchcover_Hintze_Zeitlose_Haeuser.jpg\" alt=\"\" loading=\"lazy\" \/>\n                <\/div>\n                                <div class=\"slider--slide\">\n                    <img decoding=\"async\" class=\"img-fluid\" src=\"https:\/\/www.cue-architekten.de\/en\/wp-content\/uploads\/sites\/3\/2021\/03\/2017_01_Cube_web-389x581-1.jpg\" alt=\"\" loading=\"lazy\" \/>\n                <\/div>\n                                <div class=\"slider--slide\">\n                    <img decoding=\"async\" class=\"img-fluid\" src=\"https:\/\/www.cue-architekten.de\/en\/wp-content\/uploads\/sites\/3\/2021\/01\/2019_Powershop-6-retail-design-now.jpg\" alt=\"\" loading=\"lazy\" \/>\n                <\/div>\n                                <div class=\"slider--slide\">\n                    <img decoding=\"async\" class=\"img-fluid\" src=\"https:\/\/www.cue-architekten.de\/en\/wp-content\/uploads\/sites\/3\/2021\/03\/2005_Detail_web-389x531-1.jpg\" alt=\"\" loading=\"lazy\" \/>\n                <\/div>\n                                <div class=\"slider--slide\">\n                    <img decoding=\"async\" class=\"img-fluid\" src=\"https:\/\/www.cue-architekten.de\/en\/wp-content\/uploads\/sites\/3\/2021\/01\/DAB-Deutsches-Architektenblatt-2019.jpg\" alt=\"\" loading=\"lazy\" \/>\n                <\/div>\n                                <div class=\"slider--slide\">\n                    <img decoding=\"async\" class=\"img-fluid\" src=\"https:\/\/www.cue-architekten.de\/en\/wp-content\/uploads\/sites\/3\/2021\/03\/2018_Haeuser-des-Jahres_Titel_web-389x501-1.jpg\" alt=\"\" loading=\"lazy\" \/>\n                <\/div>\n                                <div class=\"slider--slide\">\n                    <img decoding=\"async\" class=\"img-fluid\" src=\"https:\/\/www.cue-architekten.de\/en\/wp-content\/uploads\/sites\/3\/2021\/03\/dlv_Storebook2016-442x495_cover-389x436-1.jpg\" alt=\"\" loading=\"lazy\" \/>\n                <\/div>\n                                <div class=\"slider--slide\">\n                    <img decoding=\"async\" class=\"img-fluid\" src=\"https:\/\/www.cue-architekten.de\/en\/wp-content\/uploads\/sites\/3\/2021\/01\/2020_Villa-Design.jpg\" alt=\"\" loading=\"lazy\" \/>\n                <\/div>\n                                <div class=\"slider--slide\">\n                    <img decoding=\"async\" class=\"img-fluid\" src=\"https:\/\/www.cue-architekten.de\/en\/wp-content\/uploads\/sites\/3\/2021\/03\/171107_db_Titel-389x502-1.jpg\" alt=\"\" loading=\"lazy\" \/>\n                <\/div>\n                                <div class=\"slider--slide\">\n                    <img decoding=\"async\" class=\"img-fluid\" src=\"https:\/\/www.cue-architekten.de\/en\/wp-content\/uploads\/sites\/3\/2021\/09\/2019_RDI4_Cover_av-edition_web.jpg\" alt=\"\" loading=\"lazy\" \/>\n                <\/div>\n                            <\/div>\n\n                        <div class=\"publications--link\">\n                <a href=\"#\" class=\"publications--show-publications\" role=\"button\" aria-expanded=\"false\">\n                    More publications <img decoding=\"async\" src=\"https:\/\/www.cue-architekten.de\/en\/wp-content\/themes\/cue-architekten\/build\/images\/arrow-down.svg\" width=\"16\" alt=\"\">\n                <\/a>\n            <\/div>\n            \n                    <\/div>\n    <\/div>\n\n    <div class=\"publications--bottom\">\n        <div class=\"container\">\n            <div class=\"row\">\n                <div class=\"col-12 col-lg-3\">\n                    <div class=\"publications--headline\">\n                        All publications                    <\/div>\n                <\/div>\n\n                <div class=\"col-12 col-lg-9\">\n                    <div class=\"row\">\n                                                                                <div class=\"col-6 col-lg-3 publications--column\">\n                                <div class=\"column--headline\">Architecture magazines<\/div>\n\n                                <div class=\"column--publications \">\n                                                                                                                        <div class=\"publication\">\n                                                <div class=\"publication--text\">03\/2023<br \/>\r\nCube Select, pp. 64-66<\/div>\n                                                                                                    <div class=\"publication--image\">\n                                                        <img decoding=\"async\" class=\"img-fluid\" src=\"https:\/\/www.cue-architekten.de\/en\/wp-content\/uploads\/sites\/3\/2024\/10\/Cube-Select-2023.jpg\"  alt=\"\" title=\"\" \/>\n                                                    <\/div>\n                                                                                            <\/div>\n                                                                                    <div class=\"publication\">\n                                                <div class=\"publication--text\">02\/2023<br \/>\r\nCUBE K\u00f6ln Bonn, pp. 28-30<\/div>\n                                                                                                    <div class=\"publication--image\">\n                                                        <img decoding=\"async\" class=\"img-fluid\" src=\"https:\/\/www.cue-architekten.de\/en\/wp-content\/uploads\/sites\/3\/2024\/10\/Cube-Magazin-2023.jpg\"  alt=\"\" title=\"\" \/>\n                                                    <\/div>\n                                                                                            <\/div>\n                                                                                    <div class=\"publication\">\n                                                <div class=\"publication--text\">01\/2023<br \/>\r\nArchitura, pp. 14-19<\/div>\n                                                                                                    <div class=\"publication--image\">\n                                                        <img decoding=\"async\" class=\"img-fluid\" src=\"https:\/\/www.cue-architekten.de\/en\/wp-content\/uploads\/sites\/3\/2024\/10\/Architura-2023.jpg\"  alt=\"\" title=\"\" \/>\n                                                    <\/div>\n                                                                                            <\/div>\n                                                                                    <div class=\"publication\">\n                                                <div class=\"publication--text\">04\/2021<br \/>\r\nCUBE K\u00f6ln Bonn, pp. 40-41<\/div>\n                                                                                                    <div class=\"publication--image\">\n                                                        <img decoding=\"async\" class=\"img-fluid\" src=\"https:\/\/www.cue-architekten.de\/en\/wp-content\/uploads\/sites\/3\/2021\/12\/Cube-Magazin-2021.jpg\"  alt=\"\" title=\"\" \/>\n                                                    <\/div>\n                                                                                            <\/div>\n                                                                                    <div class=\"publication\">\n                                                <div class=\"publication--text\">08\/2019<br \/>\r\nDAB Deutsches Architektenblatt, pp. 24-28<\/div>\n                                                                                                    <div class=\"publication--image\">\n                                                        <img decoding=\"async\" class=\"img-fluid\" src=\"https:\/\/www.cue-architekten.de\/en\/wp-content\/uploads\/sites\/3\/2021\/01\/DAB-Deutsches-Architektenblatt-2019.jpg\"  alt=\"Deutsches Architektenblatt\" title=\"Deutsches Architektenblatt\" \/>\n                                                    <\/div>\n                                                                                            <\/div>\n                                                                                    <div class=\"publication\">\n                                                <div class=\"publication--text\">03\/2019<br \/>\r\nCUBE Select, pp. 54-55<\/div>\n                                                                                                    <div class=\"publication--image\">\n                                                        <img decoding=\"async\" class=\"img-fluid\" src=\"https:\/\/www.cue-architekten.de\/en\/wp-content\/uploads\/sites\/3\/2021\/01\/CUBE-Select-2019.jpg\"  alt=\"CUBE Select\" title=\"CUBE Select\" \/>\n                                                    <\/div>\n                                                                                            <\/div>\n                                                                                    <div class=\"publication\">\n                                                <div class=\"publication--text\">02\/2019<br \/>\r\nArchitura, pp. 4-11<\/div>\n                                                                                                    <div class=\"publication--image\">\n                                                        <img decoding=\"async\" class=\"img-fluid\" src=\"https:\/\/www.cue-architekten.de\/en\/wp-content\/uploads\/sites\/3\/2021\/01\/Architura-2019.jpg\"  alt=\"Architura\" title=\"Architura\" \/>\n                                                    <\/div>\n                                                                                            <\/div>\n                                                                                    <div class=\"publication\">\n                                                <div class=\"publication--text\">02\/2019<br \/>\r\nCUBE Cologne Bonn, pp. 10-11<\/div>\n                                                                                                    <div class=\"publication--image\">\n                                                        <img decoding=\"async\" class=\"img-fluid\" src=\"https:\/\/www.cue-architekten.de\/en\/wp-content\/uploads\/sites\/3\/2021\/03\/2019_Titel_Cube_Bungalow_web-389x550-1.jpg\"  alt=\"CUBE K\u00f6ln Bonn\" title=\"CUBE K\u00f6ln Bonn\" \/>\n                                                    <\/div>\n                                                                                            <\/div>\n                                                                                    <div class=\"publication\">\n                                                <div class=\"publication--text\">02\/2019<br \/>\r\nH\u00c4USER, pp. 52-62<\/div>\n                                                                                                    <div class=\"publication--image\">\n                                                        <img decoding=\"async\" class=\"img-fluid\" src=\"https:\/\/www.cue-architekten.de\/en\/wp-content\/uploads\/sites\/3\/2021\/03\/2019_HAEUSER_2_Cover-389x502-1.jpg\"  alt=\"02\/2019 H\u00c4USER, S. 52-62\" title=\"02\/2019 H\u00c4USER, S. 52-62\" \/>\n                                                    <\/div>\n                                                                                            <\/div>\n                                                                                    <div class=\"publication\">\n                                                <div class=\"publication--text\">12\/2018<br \/>\r\nArchitektur Exklusiv, pp. 52-53<\/div>\n                                                                                                    <div class=\"publication--image\">\n                                                        <img decoding=\"async\" class=\"img-fluid\" src=\"https:\/\/www.cue-architekten.de\/en\/wp-content\/uploads\/sites\/3\/2021\/03\/2018_Titel-Architektur-Exklusiv_web-389x551-1.jpg\"  alt=\"Architektur Exklusiv\" title=\"Architektur Exklusiv\" \/>\n                                                    <\/div>\n                                                                                            <\/div>\n                                                                                    <div class=\"publication\">\n                                                <div class=\"publication--text\">02\/2018<br \/>\r\nArchitura, pp. 28-35<\/div>\n                                                                                                    <div class=\"publication--image\">\n                                                        <img decoding=\"async\" class=\"img-fluid\" src=\"https:\/\/www.cue-architekten.de\/en\/wp-content\/uploads\/sites\/3\/2021\/03\/2019_Architura_Titel_web-389x554-1.jpg\"  alt=\"Architura\" title=\"Architura\" \/>\n                                                    <\/div>\n                                                                                            <\/div>\n                                                                                    <div class=\"publication\">\n                                                <div class=\"publication--text\">01\/2018<br \/>\r\nCUBE D\u00fcsseldorf, pp. 32-33, 101<\/div>\n                                                                                                    <div class=\"publication--image\">\n                                                        <img decoding=\"async\" class=\"img-fluid\" src=\"https:\/\/www.cue-architekten.de\/en\/wp-content\/uploads\/sites\/3\/2021\/03\/2018_01_CUBE_Titel_web-389x550-1.jpg\"  alt=\"\" title=\"\" \/>\n                                                    <\/div>\n                                                                                            <\/div>\n                                                                                    <div class=\"publication\">\n                                                <div class=\"publication--text\">11\/2017<br \/>\r\ndb deutsche bauzeitung, p. 64<\/div>\n                                                                                                    <div class=\"publication--image\">\n                                                        <img decoding=\"async\" class=\"img-fluid\" src=\"https:\/\/www.cue-architekten.de\/en\/wp-content\/uploads\/sites\/3\/2021\/03\/171107_db_Titel-389x502-1.jpg\"  alt=\"db deutsche bauzeitung\" title=\"db deutsche bauzeitung\" \/>\n                                                    <\/div>\n                                                                                            <\/div>\n                                                                                    <div class=\"publication\">\n                                                <div class=\"publication--text\">01\/2017<br \/>\r\nCUBE Cologne Bonn, pp. 4-6<\/div>\n                                                                                                    <div class=\"publication--image\">\n                                                        <img decoding=\"async\" class=\"img-fluid\" src=\"https:\/\/www.cue-architekten.de\/en\/wp-content\/uploads\/sites\/3\/2021\/03\/2017_01_Cube_web-389x581-1.jpg\"  alt=\"01\/2017 CUBE K\u00f6ln Bonn\" title=\"01\/2017 CUBE K\u00f6ln Bonn\" \/>\n                                                    <\/div>\n                                                                                            <\/div>\n                                                                                    <div class=\"publication\">\n                                                <div class=\"publication--text\">02\/2016<br \/>\r\nCUBE Cologne Bonn, pp. 15-16<\/div>\n                                                                                                    <div class=\"publication--image\">\n                                                        <img decoding=\"async\" class=\"img-fluid\" src=\"https:\/\/www.cue-architekten.de\/en\/wp-content\/uploads\/sites\/3\/2021\/03\/2016_02_Cube_web-187x276-1.jpg\"  alt=\"CUBE K\u00f6ln Bonn\" title=\"CUBE K\u00f6ln Bonn\" \/>\n                                                    <\/div>\n                                                                                            <\/div>\n                                                                                    <div class=\"publication\">\n                                                <div class=\"publication--text\">01\/2016<br \/>\r\nCUBE Cologne Bonn, pp. 8-9<\/div>\n                                                                                                    <div class=\"publication--image\">\n                                                        <img decoding=\"async\" class=\"img-fluid\" src=\"https:\/\/www.cue-architekten.de\/en\/wp-content\/uploads\/sites\/3\/2021\/03\/2016_01_Cube_web-389x580-1.jpg\"  alt=\"\" title=\"\" \/>\n                                                    <\/div>\n                                                                                            <\/div>\n                                                                                    <div class=\"publication\">\n                                                <div class=\"publication--text\">07-08\/2010<br \/>\r\narchitektur international, p. 65<\/div>\n                                                                                                    <div class=\"publication--image\">\n                                                        <img decoding=\"async\" class=\"img-fluid\" src=\"https:\/\/www.cue-architekten.de\/en\/wp-content\/uploads\/sites\/3\/2021\/03\/2010_Architektur-International_web-389x505-1.jpg\"  alt=\"architektur international\" title=\"architektur international\" \/>\n                                                    <\/div>\n                                                                                            <\/div>\n                                                                                    <div class=\"publication\">\n                                                <div class=\"publication--text\">09\/2007<br \/>\r\ndb deutsche bauzeitung, pp. 22-28<\/div>\n                                                                                                    <div class=\"publication--image\">\n                                                        <img decoding=\"async\" class=\"img-fluid\" src=\"https:\/\/www.cue-architekten.de\/en\/wp-content\/uploads\/sites\/3\/2021\/03\/2007_db_web-389x505-1.jpg\"  alt=\"db deutsche bauzeitung\" title=\"db deutsche bauzeitung\" \/>\n                                                    <\/div>\n                                                                                            <\/div>\n                                                                                    <div class=\"publication\">\n                                                <div class=\"publication--text\">07-08\/2007<br \/>\r\nAtrium, pp. 2-4<\/div>\n                                                                                                    <div class=\"publication--image\">\n                                                        <img decoding=\"async\" class=\"img-fluid\" src=\"https:\/\/www.cue-architekten.de\/en\/wp-content\/uploads\/sites\/3\/2021\/03\/2007_Atrium_web-389x500-1.jpg\"  alt=\"\" title=\"\" \/>\n                                                    <\/div>\n                                                                                            <\/div>\n                                                                                    <div class=\"publication\">\n                                                <div class=\"publication--text\">02\/2007<br \/>\r\nH\u00c4USER, pp. 82-90<\/div>\n                                                                                                    <div class=\"publication--image\">\n                                                        <img decoding=\"async\" class=\"img-fluid\" src=\"https:\/\/www.cue-architekten.de\/en\/wp-content\/uploads\/sites\/3\/2021\/03\/2007_Haeuser_titelbild-1_web-389x545-1.jpg\"  alt=\"\" title=\"\" \/>\n                                                    <\/div>\n                                                                                            <\/div>\n                                                                                    <div class=\"publication\">\n                                                <div class=\"publication--text\">2007<br \/>\r\nAMC, Interieurs 2007, pp. 92-93<\/div>\n                                                                                                    <div class=\"publication--image\">\n                                                        <img decoding=\"async\" class=\"img-fluid\" src=\"https:\/\/www.cue-architekten.de\/en\/wp-content\/uploads\/sites\/3\/2021\/03\/2007_amc_web-389x512-1.jpg\"  alt=\"2007 AMC, Interieurs 2007\" title=\"2007 AMC, Interieurs 2007\" \/>\n                                                    <\/div>\n                                                                                            <\/div>\n                                                                                    <div class=\"publication\">\n                                                <div class=\"publication--text\">05\/2006<br \/>\r\nUmbauen + Renovieren, pp. 58-66<br \/>\r\n04\/2006<br \/>\r\nPOS Ladenbauer, pp. 16-23<br \/>\r\n02\/2006<br \/>\r\nInteri\u00e9r, p. 19<br \/>\r\n01-02\/2005<br \/>\r\nDETAIL, pp. 37-39, 76-77<\/div>\n                                                                                                    <div class=\"publication--image\">\n                                                        <img decoding=\"async\" class=\"img-fluid\" src=\"https:\/\/www.cue-architekten.de\/en\/wp-content\/uploads\/sites\/3\/2021\/03\/2005_Detail_web-389x531-1.jpg\"  alt=\"\" title=\"\" \/>\n                                                    <\/div>\n                                                                                            <\/div>\n                                                                                    <div class=\"publication\">\n                                                <div class=\"publication--text\">01\/2005<br \/>\r\nLICHT, Architektur Technik + B\u00fcro (DBZ), p. 38<br \/>\r\n12\/2004<br \/>\r\narchplus 172, p. 37<br \/>\r\n10 \/2004<br \/>\r\nbob International Magazine of Space Design, 005\/2004, Korea, pp. 114-121<br \/>\r\n09-10\/2004<br \/>\r\nFRAME the international magazine of interior architecture and design, the Netherlands, p. 66<\/div>\n                                                                                                    <div class=\"publication--image\">\n                                                        <img decoding=\"async\" class=\"img-fluid\" src=\"https:\/\/www.cue-architekten.de\/en\/wp-content\/uploads\/sites\/3\/2021\/03\/2004_Frame_web-389x507-1.jpg\"  alt=\"Frame\" title=\"Frame\" \/>\n                                                    <\/div>\n                                                                                            <\/div>\n                                                                                    <div class=\"publication\">\n                                                <div class=\"publication--text\">09\/2005<br \/>\r\nAIT, Architektur Innenarchitektur Technischer Ausbau, p. 10<br \/>\r\n03\/2003<br \/>\r\nWettbewerbe aktuell, p. 62<br \/>\r\n1-2\/2003<br \/>\r\nBauwelt, p. 33<br \/>\r\n10\/1996<br \/>\r\nDBZ, p. 86<\/div>\n                                                                                            <\/div>\n                                                                                                            <\/div>\n                            <\/div>\n                                                                                <div class=\"col-6 col-lg-3 publications--column\">\n                                <div class=\"column--headline\">General magazines<\/div>\n\n                                <div class=\"column--publications \">\n                                                                                                                        <div class=\"publication\">\n                                                <div class=\"publication--text\">04\/2018<br \/>\r\nWallpaper, p. 228<\/div>\n                                                                                                    <div class=\"publication--image\">\n                                                        <img decoding=\"async\" class=\"img-fluid\" src=\"https:\/\/www.cue-architekten.de\/en\/wp-content\/uploads\/sites\/3\/2021\/01\/Wallpaper-2018.jpg\"  alt=\"Wallpaper\" title=\"Wallpaper\" \/>\n                                                    <\/div>\n                                                                                            <\/div>\n                                                                                    <div class=\"publication\">\n                                                <div class=\"publication--text\">03\/2018<br \/>\r\nHaus und Wellness, pp. 46-50<\/div>\n                                                                                                    <div class=\"publication--image\">\n                                                        <img decoding=\"async\" class=\"img-fluid\" src=\"https:\/\/www.cue-architekten.de\/en\/wp-content\/uploads\/sites\/3\/2021\/01\/Haus-und-Wellness_2018.jpg\"  alt=\"Haus und Wellness\" title=\"Haus und Wellness\" \/>\n                                                    <\/div>\n                                                                                            <\/div>\n                                                                                    <div class=\"publication\">\n                                                <div class=\"publication--text\">03\/2018<br \/>\r\nTIPP Fachmagazin f\u00fcr Haustechnik und Architektur, pp. 6-7<\/div>\n                                                                                                    <div class=\"publication--image\">\n                                                        <img decoding=\"async\" class=\"img-fluid\" src=\"https:\/\/www.cue-architekten.de\/en\/wp-content\/uploads\/sites\/3\/2021\/01\/TIPP-2018.jpg\"  alt=\"TIPP\" title=\"TIPP\" \/>\n                                                    <\/div>\n                                                                                            <\/div>\n                                                                                    <div class=\"publication\">\n                                                <div class=\"publication--text\">02\/2018<br \/>\r\nstylus. Das Metropolmagazin<br \/>\r\nCologne issue, pp. 50-55<\/div>\n                                                                                                    <div class=\"publication--image\">\n                                                        <img decoding=\"async\" class=\"img-fluid\" src=\"https:\/\/www.cue-architekten.de\/en\/wp-content\/uploads\/sites\/3\/2021\/03\/2018_Stylus_Titel_Bungalow_web-389x510-1.jpg\"  alt=\"stylus. Das Metropolmagazin Ausgabe K\u00f6ln\" title=\"stylus. Das Metropolmagazin Ausgabe K\u00f6ln\" \/>\n                                                    <\/div>\n                                                                                            <\/div>\n                                                                                    <div class=\"publication\">\n                                                <div class=\"publication--text\">03\/2017<br \/>\r\nstylus. Das Metropolmagazin<br \/>\r\nCologne issue, pp. 16-18<\/div>\n                                                                                                    <div class=\"publication--image\">\n                                                        <img decoding=\"async\" class=\"img-fluid\" src=\"https:\/\/www.cue-architekten.de\/en\/wp-content\/uploads\/sites\/3\/2021\/03\/2017_Stylus_Titel_web-389x507-1.jpg\"  alt=\"\" title=\"\" \/>\n                                                    <\/div>\n                                                                                            <\/div>\n                                                                                    <div class=\"publication\">\n                                                <div class=\"publication--text\">02\/2015<br \/>\r\nstores + shops, pp. 20-21<\/div>\n                                                                                                    <div class=\"publication--image\">\n                                                        <img decoding=\"async\" class=\"img-fluid\" src=\"https:\/\/www.cue-architekten.de\/en\/wp-content\/uploads\/sites\/3\/2021\/03\/2015_stores_shops_titelbild-389x554-1.jpg\"  alt=\"stores + shops\" title=\"stores + shops\" \/>\n                                                    <\/div>\n                                                                                            <\/div>\n                                                                                    <div class=\"publication\">\n                                                <div class=\"publication--text\">2014<br \/>\r\nShops, The International Magazine for Retailing and Shop Design pp. 42-43<br \/>\r\n12\/2013<br \/>\r\nSportswear International, p. 98<\/div>\n                                                                                                    <div class=\"publication--image\">\n                                                        <img decoding=\"async\" class=\"img-fluid\" src=\"https:\/\/www.cue-architekten.de\/en\/wp-content\/uploads\/sites\/3\/2021\/03\/2013_Sportswear-International_web-389x495-1.jpg\"  alt=\"Sportswear\" title=\"Sportswear\" \/>\n                                                    <\/div>\n                                                                                            <\/div>\n                                                                                    <div class=\"publication\">\n                                                <div class=\"publication--text\">06\/2013<br \/>\r\nSportswear International, p. 42<\/div>\n                                                                                                    <div class=\"publication--image\">\n                                                        <img decoding=\"async\" class=\"img-fluid\" src=\"https:\/\/www.cue-architekten.de\/en\/wp-content\/uploads\/sites\/3\/2021\/03\/2013_Sportswear-International-Germany_web-389x499-1.jpg\"  alt=\"Sportswear\" title=\"Sportswear\" \/>\n                                                    <\/div>\n                                                                                            <\/div>\n                                                                                    <div class=\"publication\">\n                                                <div class=\"publication--text\">03\/2011<br \/>\r\nProfessional System, pp. 3-6<br \/>\r\n04\/2010<br \/>\r\nMarketing Berater, p. 46<br \/>\r\n08\/2009<br \/>\r\nKunst und Technik, pp. 28-31<br \/>\r\n04\/2006<br \/>\r\nJ\u2019N\u2019C, p. 110<\/div>\n                                                                                                    <div class=\"publication--image\">\n                                                        <img decoding=\"async\" class=\"img-fluid\" src=\"https:\/\/www.cue-architekten.de\/en\/wp-content\/uploads\/sites\/3\/2021\/03\/2006_JNC_web-389x510-1.jpg\"  alt=\"\" title=\"\" \/>\n                                                    <\/div>\n                                                                                            <\/div>\n                                                                                    <div class=\"publication\">\n                                                <div class=\"publication--text\">09\/2005<br \/>\r\nGDR Creative Intelligence, p. 142<br \/>\r\n09\/2005<br \/>\r\nStyle Guide, pp. 9-13<\/div>\n                                                                                                    <div class=\"publication--image\">\n                                                        <img decoding=\"async\" class=\"img-fluid\" src=\"https:\/\/www.cue-architekten.de\/en\/wp-content\/uploads\/sites\/3\/2021\/03\/2005_Style-Guide_web-389x559-1.jpg\"  alt=\"Style Guide\" title=\"Style Guide\" \/>\n                                                    <\/div>\n                                                                                            <\/div>\n                                                                                    <div class=\"publication\">\n                                                <div class=\"publication--text\">04\/2005<br \/>\r\nSportswear International, p. 20<\/div>\n                                                                                                    <div class=\"publication--image\">\n                                                        <img decoding=\"async\" class=\"img-fluid\" src=\"https:\/\/www.cue-architekten.de\/en\/wp-content\/uploads\/sites\/3\/2021\/03\/2005_Sportswear-International_web-389x519-1.jpg\"  alt=\"Sportswear International\" title=\"Sportswear International\" \/>\n                                                    <\/div>\n                                                                                            <\/div>\n                                                                                    <div class=\"publication\">\n                                                <div class=\"publication--text\">11-12\/2004<br \/>\r\nSportswear International, p. 40<\/div>\n                                                                                                    <div class=\"publication--image\">\n                                                        <img decoding=\"async\" class=\"img-fluid\" src=\"https:\/\/www.cue-architekten.de\/en\/wp-content\/uploads\/sites\/3\/2021\/03\/2004_sportswear-1-389x488-1.jpg\"  alt=\"Sportswear International\" title=\"Sportswear International\" \/>\n                                                    <\/div>\n                                                                                            <\/div>\n                                                                                    <div class=\"publication\">\n                                                <div class=\"publication--text\">08\/2004<br \/>\r\nGDR Creative Intelligence,<br \/>\r\nissue 15, pp. 2-4<br \/>\r\n07\/2004<br \/>\r\nCosmopolitan<br \/>\r\n06\/2004<br \/>\r\nAllegra<br \/>\r\n05\/2004<br \/>\r\nStep3<br \/>\r\n03\/2004<br \/>\r\nOpen, p. 74<br \/>\r\n03\/2004<br \/>\r\nx-Ray, pp. 90-91<\/div>\n                                                                                                    <div class=\"publication--image\">\n                                                        <img decoding=\"async\" class=\"img-fluid\" src=\"https:\/\/www.cue-architekten.de\/en\/wp-content\/uploads\/sites\/3\/2021\/03\/2004_x-ray-1_web-389x535-1.jpg\"  alt=\"x-Ray\" title=\"x-Ray\" \/>\n                                                    <\/div>\n                                                                                            <\/div>\n                                                                                    <div class=\"publication\">\n                                                <div class=\"publication--text\">02\/2004<br \/>\r\nJ\u00b4N\u00b4C<br \/>\r\n11\/2003<br \/>\r\nTextilwirtschaft<\/div>\n                                                                                                    <div class=\"publication--image\">\n                                                        <img decoding=\"async\" class=\"img-fluid\" src=\"https:\/\/www.cue-architekten.de\/en\/wp-content\/uploads\/sites\/3\/2021\/03\/2003_textilwirtschaft-1_web-389x538-1.jpg\"  alt=\"Textilwirtschaft\" title=\"Textilwirtschaft\" \/>\n                                                    <\/div>\n                                                                                            <\/div>\n                                                                                    <div class=\"publication\">\n                                                <div class=\"publication--text\">04\/2003<br \/>\r\nx-Ray<br \/>\r\n10\/2002<br \/>\r\nTextilwirtschaft 44\/2002, p. 44<\/div>\n                                                                                            <\/div>\n                                                                                                            <\/div>\n                            <\/div>\n                                                                                <div class=\"col-12 col-lg-6 publications--column\">\n                                <div class=\"column--headline\">Books<\/div>\n\n                                <div class=\"column--publications __double-column\">\n                                                                                                                        <div class=\"publications--sub-column\">\n                                                                                                                                                            <div class=\"publication\">\n                                                            <div class=\"publication--text\">2024<br \/>\r\nBKI Objektdaten Neubau N20,<br \/>\r\npp. 710-715<br \/>\r\nBKI GmbH, Stuttgart<br \/>\r\nISBN 978-3-948683-60-3<\/div>\n                                                                                                                            <div class=\"publication--image\">\n                                                                    <img decoding=\"async\" class=\"img-fluid\" src=\"https:\/\/www.cue-architekten.de\/en\/wp-content\/uploads\/sites\/3\/2024\/10\/BKI-2024.jpg\"  alt=\"\" title=\"\" \/>\n                                                                <\/div>\n                                                                                                                    <\/div>\n                                                                                                                                                                                                                                                                                                                            <div class=\"publication\">\n                                                            <div class=\"publication--text\">2021<br \/>\r\nBungalow Design, pp. 36-41<br \/>\r\nBraun Publishing \u2013 Verlag f\u00fcr Architektur, Design und St\u00e4dtebau, Salenstein<br \/>\r\nISBN 978-3-03768-273-9<\/div>\n                                                                                                                            <div class=\"publication--image\">\n                                                                    <img decoding=\"async\" class=\"img-fluid\" src=\"https:\/\/www.cue-architekten.de\/en\/wp-content\/uploads\/sites\/3\/2021\/12\/Bungalow-Design-2021.jpg\"  alt=\"\" title=\"\" \/>\n                                                                <\/div>\n                                                                                                                    <\/div>\n                                                                                                                                                                                                                                                                                                                            <div class=\"publication\">\n                                                            <div class=\"publication--text\">2020<br \/>\r\nRetail Design International, Vol.5,<br \/>\r\npp. 90-93<br \/>\r\nav edition \u2013 Verlag f\u00fcr Architektur und Design, Stuttgart<br \/>\r\nISBN 978-3-89986-324-6<\/div>\n                                                                                                                            <div class=\"publication--image\">\n                                                                    <img decoding=\"async\" class=\"img-fluid\" src=\"https:\/\/www.cue-architekten.de\/en\/wp-content\/uploads\/sites\/3\/2021\/01\/2020_Retail-Design-International.jpg\"  alt=\"Retail Design International\" title=\"Retail Design International\" \/>\n                                                                <\/div>\n                                                                                                                    <\/div>\n                                                                                                                                                                                                                                                                                                                            <div class=\"publication\">\n                                                            <div class=\"publication--text\">2019<br \/>\r\nPowershop 6, Retail Design Now,<br \/>\r\npp. 130-135<br \/>\r\nFrame Publishers, Amsterdam<br \/>\r\nISBN 978-94-92311-35-1<\/div>\n                                                                                                                            <div class=\"publication--image\">\n                                                                    <img decoding=\"async\" class=\"img-fluid\" src=\"https:\/\/www.cue-architekten.de\/en\/wp-content\/uploads\/sites\/3\/2021\/01\/2019_Powershop-6-retail-design-now.jpg\"  alt=\"Retail Design Now\" title=\"Retail Design Now\" \/>\n                                                                <\/div>\n                                                                                                                    <\/div>\n                                                                                                                                                                                                                                                                                                                            <div class=\"publication\">\n                                                            <div class=\"publication--text\">2019<br \/>\r\nBaukultur in NRW 2019<br \/>\r\npp. 60-61<br \/>\r\nVerlag der Buchhandlung Walther K\u00f6nig, Cologne<br \/>\r\nISBN 978-3-96098-431-3<\/div>\n                                                                                                                            <div class=\"publication--image\">\n                                                                    <img decoding=\"async\" class=\"img-fluid\" src=\"https:\/\/www.cue-architekten.de\/en\/wp-content\/uploads\/sites\/3\/2021\/03\/2019_Titel-Baukultur-in-NRW_web-389x488-1.jpg\"  alt=\"Baukultur in NRW 2019\" title=\"Baukultur in NRW 2019\" \/>\n                                                                <\/div>\n                                                                                                                    <\/div>\n                                                                                                                                                                                                                                                                                                                            <div class=\"publication\">\n                                                            <div class=\"publication--text\">2018<br \/>\r\nAusgezeichneter Stahlbau 2018,<br \/>\r\npp. 76-77<br \/>\r\nCallwey Verlag, Munich<br \/>\r\nISBN 978-3-7667-2361-1<\/div>\n                                                                                                                            <div class=\"publication--image\">\n                                                                    <img decoding=\"async\" class=\"img-fluid\" src=\"https:\/\/www.cue-architekten.de\/en\/wp-content\/uploads\/sites\/3\/2021\/03\/2018_Titel_Ausgezeichneter_Stahlbau_web-389x497-1.jpg\"  alt=\"Ausgezeichneter Stahlbau 2018\" title=\"Ausgezeichneter Stahlbau 2018\" \/>\n                                                                <\/div>\n                                                                                                                    <\/div>\n                                                                                                                                                                                                                                                                                                                            <div class=\"publication\">\n                                                            <div class=\"publication--text\">2018<br \/>\r\nH\u00e4user des Jahres, pp. 100-103<br \/>\r\nCallwey Verlag, Munich<br \/>\r\nISBN 978-3-7667-2352-9<\/div>\n                                                                                                                            <div class=\"publication--image\">\n                                                                    <img decoding=\"async\" class=\"img-fluid\" src=\"https:\/\/www.cue-architekten.de\/en\/wp-content\/uploads\/sites\/3\/2021\/03\/2018_Haeuser-des-Jahres_Titel_web-389x501-1.jpg\"  alt=\"H\u00e4user des Jahres\" title=\"H\u00e4user des Jahres\" \/>\n                                                                <\/div>\n                                                                                                                    <\/div>\n                                                                                                                                                                                                                                                                                                                            <div class=\"publication\">\n                                                            <div class=\"publication--text\">2017<br \/>\r\nH\u00e4user des Jahres, pp. 168-171<br \/>\r\nCallwey Verlag, Munich<br \/>\r\nISBN 978-3-7667-2278-2<\/div>\n                                                                                                                            <div class=\"publication--image\">\n                                                                    <img decoding=\"async\" class=\"img-fluid\" src=\"https:\/\/www.cue-architekten.de\/en\/wp-content\/uploads\/sites\/3\/2021\/03\/2017_Ha\u0308user_des__Jahres_Titel-e1512032678427-2.jpg\"  alt=\"H\u00e4user des Jahres\" title=\"H\u00e4user des Jahres\" \/>\n                                                                <\/div>\n                                                                                                                    <\/div>\n                                                                                                                                                                                                                                                                                                                            <div class=\"publication\">\n                                                            <div class=\"publication--text\">2017<br \/>\r\nArchitecture Today Commercial Spaces, pp. 124-131<br \/>\r\nLoft Publications, Barcelona<br \/>\r\nISBN 978-84-9936-081-2<\/div>\n                                                                                                                            <div class=\"publication--image\">\n                                                                    <img decoding=\"async\" class=\"img-fluid\" src=\"https:\/\/www.cue-architekten.de\/en\/wp-content\/uploads\/sites\/3\/2021\/03\/2017-architecture-today-commercial-spaces.jpg\"  alt=\"Architecture Today Commercial Spaces\" title=\"Architecture Today Commercial Spaces\" \/>\n                                                                <\/div>\n                                                                                                                    <\/div>\n                                                                                                                                                                                                                                                                                                                            <div class=\"publication\">\n                                                            <div class=\"publication--text\">2016<br \/>\r\nPowershop 5, New Retail Design,<br \/>\r\npp. 168-189, 186-187<br \/>\r\nFrame Publishers, Amsterdam<br \/>\r\nISBN 978-94-91727-93-1<\/div>\n                                                                                                                            <div class=\"publication--image\">\n                                                                    <img decoding=\"async\" class=\"img-fluid\" src=\"https:\/\/www.cue-architekten.de\/en\/wp-content\/uploads\/sites\/3\/2021\/03\/Powershop5_Titel_web-389x519-1.jpg\"  alt=\"Powershop 5, New Retail Design\" title=\"Powershop 5, New Retail Design\" \/>\n                                                                <\/div>\n                                                                                                                    <\/div>\n                                                                                                                                                                                                                                                                                                                            <div class=\"publication\">\n                                                            <div class=\"publication--text\">2014<br \/>\r\nStore Book 2014, pp. 174-177<br \/>\r\nCallwey Verlag, Munich<br \/>\r\nISBN 978-3-7667-2078-8<\/div>\n                                                                                                                            <div class=\"publication--image\">\n                                                                    <img decoding=\"async\" class=\"img-fluid\" src=\"https:\/\/www.cue-architekten.de\/en\/wp-content\/uploads\/sites\/3\/2021\/03\/2014_Store-Book_3_web-389x432-1.jpg\"  alt=\"Store Book 2014\" title=\"Store Book 2014\" \/>\n                                                                <\/div>\n                                                                                                                    <\/div>\n                                                                                                                                                                                                                                                                                                                            <div class=\"publication\">\n                                                            <div class=\"publication--text\">2013<br \/>\r\nL\u00e4den 2013, p. 128<br \/>\r\nDeutscher Fachverlag, Frankfurt a.M.<br \/>\r\nISBN 978-3-86641-292-7<br \/>\r\n2012<br \/>\r\nPowershop 3, New Retail Design,<br \/>\r\npp. 240-245, 302-305<br \/>\r\nFrame Publishers, Amsterdam<br \/>\r\nISBN 978-90-77174-46-3<br \/>\r\n2010<br \/>\r\nL\u00e4den 2010, p. 112<br \/>\r\nDeutscher Fachverlag, Frankfurt a.M.<br \/>\r\nISBN 978-3-86641-227-9<\/div>\n                                                                                                                            <div class=\"publication--image\">\n                                                                    <img decoding=\"async\" class=\"img-fluid\" src=\"https:\/\/www.cue-architekten.de\/en\/wp-content\/uploads\/sites\/3\/2021\/03\/2010_Laeden-2010_titelbild-389x455-1.jpg\"  alt=\"L\u00e4den 2010\" title=\"L\u00e4den 2010\" \/>\n                                                                <\/div>\n                                                                                                                    <\/div>\n                                                                                                                                                                                                                                                                                                                            <div class=\"publication\">\n                                                            <div class=\"publication--text\">2009<br \/>\r\nOpen, The World\u2019s Best New Fashion Stores, Volume Three, pp. 80, 168-169<br \/>\r\nDeutscher Fachverlag, Frankfurt a.M.<br \/>\r\nISBN 978-3-86641-229-3<br \/>\r\n2009<br \/>\r\nDesign and Dialogue, Interview with 127 Interior Designers, pp. 146-151<br \/>\r\nLiao Ning Technological Publishing<br \/>\r\nISBN 978-7-5381-5586-0<\/div>\n                                                                                                                            <div class=\"publication--image\">\n                                                                    <img decoding=\"async\" class=\"img-fluid\" src=\"https:\/\/www.cue-architekten.de\/en\/wp-content\/uploads\/sites\/3\/2021\/03\/2008_Design-and-Dialogue_web-389x496-1.jpg\"  alt=\"Design and Dialogue, Interview with 127 Interior Designers\" title=\"Design and Dialogue, Interview with 127 Interior Designers\" \/>\n                                                                <\/div>\n                                                                                                                    <\/div>\n                                                                                                                                                                                                                                                                                                                            <div class=\"publication\">\n                                                            <div class=\"publication--text\">2008<br \/>\r\nOpen, The World\u2019s Best New Fashion Stores, Volume Two, p. 83<br \/>\r\nDeutscher Fachverlag, Frankfurt a.M.<br \/>\r\nISBN 978-3-86641-203-3<br \/>\r\n2008<br \/>\r\nFlagship Stores, pp. 46-53<br \/>\r\nPage One Publishing Pte Ltd, Singapur<br \/>\r\nISBN 978-981-245-707-3<\/div>\n                                                                                                                            <div class=\"publication--image\">\n                                                                    <img decoding=\"async\" class=\"img-fluid\" src=\"https:\/\/www.cue-architekten.de\/en\/wp-content\/uploads\/sites\/3\/2021\/03\/FlagshipStores_web-389x465-1.jpg\"  alt=\"Flagship Stores\" title=\"Flagship Stores\" \/>\n                                                                <\/div>\n                                                                                                                    <\/div>\n                                                                                                                                                                                                                                                                                                                            <div class=\"publication\">\n                                                            <div class=\"publication--text\">2007<br \/>\r\nRetail Therapy, pp. 44-47, 70-73, 94-97<br \/>\r\nThe Images Publishing Group, Australia<br \/>\r\nISBN 978-1-8647-0115-9<\/div>\n                                                                                                                            <div class=\"publication--image\">\n                                                                    <img decoding=\"async\" class=\"img-fluid\" src=\"https:\/\/www.cue-architekten.de\/en\/wp-content\/uploads\/sites\/3\/2021\/03\/2007_RetailTherapy_web-389x524-1.jpg\"  alt=\"Retail Therapy\" title=\"Retail Therapy\" \/>\n                                                                <\/div>\n                                                                                                                    <\/div>\n                                                                                                                                                                                                                                                                                                                            <div class=\"publication\">\n                                                            <div class=\"publication--text\">2006<br \/>\r\nDress Code, Interior Design for Fashion Shops, pp. 64-69<br \/>\r\nFrame Publishers und Birkh\u00e4user<br \/>\r\nISBN 978-90-77174-07-4<\/div>\n                                                                                                                            <div class=\"publication--image\">\n                                                                    <img decoding=\"async\" class=\"img-fluid\" src=\"https:\/\/www.cue-architekten.de\/en\/wp-content\/uploads\/sites\/3\/2021\/03\/2006_dresscode-1-389x502-1.jpg\"  alt=\"Dress Code, Interior Design for Fashion Shops\" title=\"Dress Code, Interior Design for Fashion Shops\" \/>\n                                                                <\/div>\n                                                                                                                    <\/div>\n                                                                                                                                                                                                                                                                                                                            <div class=\"publication\">\n                                                            <div class=\"publication--text\">2004<br \/>\r\nL\u00e4den 2004, pp. 22-23<br \/>\r\nDeutscher Fachverlag, Frankfurt a.M.<br \/>\r\nISBN 3-87150-875-6<br \/>\r\n2004<br \/>\r\nNegozi \u2013 book on shops, pp. 88-93<br \/>\r\nFederico Motta Editore, Milan <br \/>\r\nISBN 88-7179-426-5<\/div>\n                                                                                                                            <div class=\"publication--image\">\n                                                                    <img decoding=\"async\" class=\"img-fluid\" src=\"https:\/\/www.cue-architekten.de\/en\/wp-content\/uploads\/sites\/3\/2021\/03\/2004_Negozi_web-389x580-1.jpg\"  alt=\"Negozi \u2013 book on shops\" title=\"Negozi \u2013 book on shops\" \/>\n                                                                <\/div>\n                                                                                                                    <\/div>\n                                                                                                                                                                                                                                                            <\/div>\n                                                                                    <div class=\"publications--sub-column\">\n                                                                                                                                                                                                                                                                    <div class=\"publication\">\n                                                            <div class=\"publication--text\">2023<br \/>\r\n101 Traumh\u00e4user, pp. 38-41<br \/>\r\nCallwey Verlag, M\u00fcnchen<br \/>\r\nISBN 978-3-7667-2624-7<\/div>\n                                                                                                                            <div class=\"publication--image\">\n                                                                    <img decoding=\"async\" class=\"img-fluid\" src=\"https:\/\/www.cue-architekten.de\/en\/wp-content\/uploads\/sites\/3\/2023\/03\/101-Traumhauser-2023.jpg\"  alt=\"\" title=\"\" \/>\n                                                                <\/div>\n                                                                                                                    <\/div>\n                                                                                                                                                                                                                                                                                                                            <div class=\"publication\">\n                                                            <div class=\"publication--text\">2020<br \/>\r\nVilla Design, pp. 108-111<br \/>\r\nBraun Publishing \u2013 Verlag f\u00fcr Architektur, Design und St\u00e4dtebau, Salenstein<br \/>\r\nISBN 978-3-03768-263-0<\/div>\n                                                                                                                            <div class=\"publication--image\">\n                                                                    <img decoding=\"async\" class=\"img-fluid\" src=\"https:\/\/www.cue-architekten.de\/en\/wp-content\/uploads\/sites\/3\/2021\/01\/2020_Villa-Design.jpg\"  alt=\"Villa Design\" title=\"Villa Design\" \/>\n                                                                <\/div>\n                                                                                                                    <\/div>\n                                                                                                                                                                                                                                                                                                                            <div class=\"publication\">\n                                                            <div class=\"publication--text\">Zeitlose H\u00e4user<br \/>\r\nIn der Tradition der Moderne,<br \/>\r\npp. 18-27<br \/>\r\nPrestel Verlag, Munich<br \/>\r\nISBN 978-3-7913-8557-0<\/div>\n                                                                                                                            <div class=\"publication--image\">\n                                                                    <img decoding=\"async\" class=\"img-fluid\" src=\"https:\/\/www.cue-architekten.de\/en\/wp-content\/uploads\/sites\/3\/2021\/01\/2019_Buchcover_Hintze_Zeitlose_Haeuser.jpg\"  alt=\"Zeitloase H\u00e4user\" title=\"Zeitloase H\u00e4user\" \/>\n                                                                <\/div>\n                                                                                                                    <\/div>\n                                                                                                                                                                                                                                                                                                                            <div class=\"publication\">\n                                                            <div class=\"publication--text\">2019<br \/>\r\nJunge Beitr\u00e4ge zur Architektur<br \/>\r\npp. 322-325<br \/>\r\nVerlag H.M.NELTE, Wiesbaden<br \/>\r\nISBN 978-3-7374-0279-8<br \/>\r\n2019<br \/>\r\nNight Fever 6, Hospitality Design,<br \/>\r\npp. 370-371<br \/>\r\nFrame Publishers, Amsterdam<br \/>\r\nISBN 978-94-92311-34-4<\/div>\n                                                                                                                            <div class=\"publication--image\">\n                                                                    <img decoding=\"async\" class=\"img-fluid\" src=\"https:\/\/www.cue-architekten.de\/en\/wp-content\/uploads\/sites\/3\/2021\/03\/2019_NightFever6_Titel_web-389x500-1.jpg\"  alt=\"Night Fever 6, Hospitality Design\" title=\"Night Fever 6, Hospitality Design\" \/>\n                                                                <\/div>\n                                                                                                                    <\/div>\n                                                                                                                                                                                                                                                                                                                            <div class=\"publication\">\n                                                            <div class=\"publication--text\">2019<br \/>\r\nRetail Design International, Vol. 4<br \/>\r\nav edition \u2013 Verlag f\u00fcr Architektur und Design, Stuttgart, pp. 142-145<br \/>\r\nISBN 978-3-89986-291-1<\/div>\n                                                                                                                            <div class=\"publication--image\">\n                                                                    <img decoding=\"async\" class=\"img-fluid\" src=\"https:\/\/www.cue-architekten.de\/en\/wp-content\/uploads\/sites\/3\/2021\/03\/2019_RDI4_Cover_av-edition_web-389x519-1.jpg\"  alt=\"Retail Design International, Vol.4\" title=\"Retail Design International, Vol.4\" \/>\n                                                                <\/div>\n                                                                                                                    <\/div>\n                                                                                                                                                                                                                                                                                                                            <div class=\"publication\">\n                                                            <div class=\"publication--text\">2018<br \/>\r\nArchitekturf\u00fchrer Deutschland 2019, pp. 182-183<br \/>\r\nDOM Publishers Verlag, Berlin<br \/>\r\nISBN 978-3-8692-2714-6<\/div>\n                                                                                                                            <div class=\"publication--image\">\n                                                                    <img decoding=\"async\" class=\"img-fluid\" src=\"https:\/\/www.cue-architekten.de\/en\/wp-content\/uploads\/sites\/3\/2021\/03\/2019_DAM-Architekturfuehrer_Titel_web-389x492-1.jpg\"  alt=\"Architekturf\u00fchrer Deutschland 2019\" title=\"Architekturf\u00fchrer Deutschland 2019\" \/>\n                                                                <\/div>\n                                                                                                                    <\/div>\n                                                                                                                                                                                                                                                                                                                            <div class=\"publication\">\n                                                            <div class=\"publication--text\">2018<br \/>\r\nExcellent Communications Design Volume I, p. 231<br \/>\r\nRat f\u00fcr Formgebung\/German Design Council, Frankfurt a.M.<br \/>\r\nISBN 978-3-9463-1827-9<\/div>\n                                                                                                                            <div class=\"publication--image\">\n                                                                    <img decoding=\"async\" class=\"img-fluid\" src=\"https:\/\/www.cue-architekten.de\/en\/wp-content\/uploads\/sites\/3\/2021\/03\/2018_GDA_Buchtitel_web-389x492-1.jpg\"  alt=\"Excellent Communications Design Volume I\" title=\"Excellent Communications Design Volume I\" \/>\n                                                                <\/div>\n                                                                                                                    <\/div>\n                                                                                                                                                                                                                                                                                                                            <div class=\"publication\">\n                                                            <div class=\"publication--text\">2017<br \/>\r\nL\u00e4den 2017-18, pp. 14-15<br \/>\r\nDeutscher Fachverlag, Frankfurt a.M.<br \/>\r\nISBN 978-386-641-321-4<\/div>\n                                                                                                                            <div class=\"publication--image\">\n                                                                    <img decoding=\"async\" class=\"img-fluid\" src=\"https:\/\/www.cue-architekten.de\/en\/wp-content\/uploads\/sites\/3\/2021\/03\/2017-La\u0308den-17_18-Titel-389x381-1.jpg\"  alt=\"L\u00e4den 2017-18,\" title=\"L\u00e4den 2017-18,\" \/>\n                                                                <\/div>\n                                                                                                                    <\/div>\n                                                                                                                                                                                                                                                                                                                            <div class=\"publication\">\n                                                            <div class=\"publication--text\">2017<br \/>\r\nAusgezeichnet, pp. 94-95<br \/>\r\nRat f\u00fcr Formgebung Medien GmbH, Frankfurt a.M.<br \/>\r\nISBN 978-3-946318-24-8<br \/>\r\n2016<br \/>\r\nL\u00e4den 2016, pp. 124-125<br \/>\r\nDeutscher Fachverlag, Frankfurt a.M.<br \/>\r\nISBN 978-386-641-318-4<\/div>\n                                                                                                                            <div class=\"publication--image\">\n                                                                    <img decoding=\"async\" class=\"img-fluid\" src=\"https:\/\/www.cue-architekten.de\/en\/wp-content\/uploads\/sites\/3\/2021\/03\/2016_La\u0308den_Titel.jpg\"  alt=\"L\u00e4den 2016\" title=\"L\u00e4den 2016\" \/>\n                                                                <\/div>\n                                                                                                                    <\/div>\n                                                                                                                                                                                                                                                                                                                            <div class=\"publication\">\n                                                            <div class=\"publication--text\">2016<br \/>\r\nStore Book 2016, pp. 184-187<br \/>\r\nCallwey Verlag, Munich<br \/>\r\nISBN 978-3-7667-2214-0<\/div>\n                                                                                                                            <div class=\"publication--image\">\n                                                                    <img decoding=\"async\" class=\"img-fluid\" src=\"https:\/\/www.cue-architekten.de\/en\/wp-content\/uploads\/sites\/3\/2021\/03\/dlv_Storebook2016-442x495_cover-389x436-1.jpg\"  alt=\"Store Book 2016\" title=\"Store Book 2016\" \/>\n                                                                <\/div>\n                                                                                                                    <\/div>\n                                                                                                                                                                                                                                                                                                                            <div class=\"publication\">\n                                                            <div class=\"publication--text\">2014<br \/>\r\nPowershop 4, New Retail Design,<br \/>\r\npp. 210-213, 256-257<br \/>\r\nFrame Publishers, Amsterdam<br \/>\r\nISBN 978-4-91727-15-3<\/div>\n                                                                                                                            <div class=\"publication--image\">\n                                                                    <img decoding=\"async\" class=\"img-fluid\" src=\"https:\/\/www.cue-architekten.de\/en\/wp-content\/uploads\/sites\/3\/2021\/03\/2014_Powershop-4_web-389x537-1.jpg\"  alt=\"Powershop 4, New Retail Design\" title=\"Powershop 4, New Retail Design\" \/>\n                                                                <\/div>\n                                                                                                                    <\/div>\n                                                                                                                                                                                                                                                                                                                            <div class=\"publication\">\n                                                            <div class=\"publication--text\">2010<br \/>\r\nOpen, The World\u2019s Best New Fashion Stores, Volume Four, pp. 56-58<br \/>\r\nDeutscher Fachverlag, Frankfurt a.M.<br \/>\r\nISBN 978-3-86641-242-2<\/div>\n                                                                                                                            <div class=\"publication--image\">\n                                                                    <img decoding=\"async\" class=\"img-fluid\" src=\"https:\/\/www.cue-architekten.de\/en\/wp-content\/uploads\/sites\/3\/2021\/03\/04_Open_web-389x559-1.jpg\"  alt=\"Open, The World\u2019s Best New Fashion Stores\" title=\"Open, The World\u2019s Best New Fashion Stores\" \/>\n                                                                <\/div>\n                                                                                                                    <\/div>\n                                                                                                                                                                                                                                                                                                                            <div class=\"publication\">\n                                                            <div class=\"publication--text\">2009<br \/>\r\nL\u00e4den 2009, pp. 112-113<br \/>\r\nDeutscher Fachverlag, Frankfurt a.M.<br \/>\r\nISBN 978-3866412125<br \/>\r\n2009<br \/>\r\nGeradl\u00e4ufige Treppen, pp. 116-119<br \/>\r\nDeutsche Verlags-Anstalt<br \/>\r\nISBN 978-3-4210-3730-5<br \/>\r\n2009<br \/>\r\nMaterial im Innenraum, pp. 104-109<br \/>\r\nEdition Detail, Munich<br \/>\r\nISBN 978-3-7643-8809-6<\/div>\n                                                                                                                            <div class=\"publication--image\">\n                                                                    <img decoding=\"async\" class=\"img-fluid\" src=\"https:\/\/www.cue-architekten.de\/en\/wp-content\/uploads\/sites\/3\/2021\/03\/2009_Matrial-im-Innenraum_web-389x504-1.jpg\"  alt=\"Material im Innenraum\" title=\"Material im Innenraum\" \/>\n                                                                <\/div>\n                                                                                                                    <\/div>\n                                                                                                                                                                                                                                                                                                                            <div class=\"publication\">\n                                                            <div class=\"publication--text\">2007<br \/>\r\nDie Besten Einfamilienh\u00e4user \u2013<br \/>\r\nUmbau Statt Neubau, pp. 116-119<br \/>\r\nCallwey Verlag, M\u00fcnchen<br \/>\r\nISBN 978-3-7667-1702-3<\/div>\n                                                                                                                            <div class=\"publication--image\">\n                                                                    <img decoding=\"async\" class=\"img-fluid\" src=\"https:\/\/www.cue-architekten.de\/en\/wp-content\/uploads\/sites\/3\/2021\/03\/2007_Ha\u0308user-Buch_web-389x510-1.jpg\"  alt=\"Die Besten Einfamilienh\u00e4user \u2013 Umbau Statt Neubau\" title=\"Die Besten Einfamilienh\u00e4user \u2013 Umbau Statt Neubau\" \/>\n                                                                <\/div>\n                                                                                                                    <\/div>\n                                                                                                                                                                                                                                                                                                                            <div class=\"publication\">\n                                                            <div class=\"publication--text\">2006<br \/>\r\nL\u00e4den 2006, pp. 106-107, 148-149<br \/>\r\nDeutscher Fachverlag, Frankfurt a.M.<br \/>\r\nISBN 978-3-8664-1052-7<br \/>\r\n2006<br \/>\r\nPoint of Purchase, pp. 32-37<br \/>\r\nCollins Design and maomao publications<br \/>\r\nISBN 978-0-06-089351-4<\/div>\n                                                                                                                            <div class=\"publication--image\">\n                                                                    <img decoding=\"async\" class=\"img-fluid\" src=\"https:\/\/www.cue-architekten.de\/en\/wp-content\/uploads\/sites\/3\/2021\/03\/PointofPurchase_web-389x475-1.jpg\"  alt=\"Point of Purchase\" title=\"Point of Purchase\" \/>\n                                                                <\/div>\n                                                                                                                    <\/div>\n                                                                                                                                                                                                                                                                                                                            <div class=\"publication\">\n                                                            <div class=\"publication--text\">2006<br \/>\r\nContractworld 2006, pp. 64-67<br \/>\r\nDeutsche Messe AG<br \/>\r\n2005<br \/>\r\nL\u00e4den 2005, pp. 16-17<br \/>\r\nDeutscher Fachverlag, Frankfurt a.M.<br \/>\r\nISBN 3-87150-937-X<br \/>\r\n2005<br \/>\r\nNew Shop Design, pp. 184-193<br \/>\r\nLinks International Publishing, Spain<br \/>\r\nISBN 8489861676<\/div>\n                                                                                                                            <div class=\"publication--image\">\n                                                                    <img decoding=\"async\" class=\"img-fluid\" src=\"https:\/\/www.cue-architekten.de\/en\/wp-content\/uploads\/sites\/3\/2021\/03\/2005_New-Shopdesign_web-389x533-1.jpg\"  alt=\"New Shop Design\" title=\"New Shop Design\" \/>\n                                                                <\/div>\n                                                                                                                    <\/div>\n                                                                                                                                                                                                                                                                                                                            <div class=\"publication\">\n                                                            <div class=\"publication--text\">2003<br \/>\r\nF\u00f6rderpreis des Landes Nordrhein-Westfalen f\u00fcr junge K\u00fcnstlerinnen und K\u00fcnstler 2003, pp. 82-87<br \/>\r\nMinistry for Urban Development and Housing, Culture and Sport of the State of North-Rhine Westphalia<\/div>\n                                                                                                                    <\/div>\n                                                                                                                                                    <\/div>\n                                                                                                            <\/div>\n                            <\/div>\n                                            <\/div>\n                <\/div>\n            <\/div>\n\n            <div class=\"publications--link\">\n                <a href=\"#\" class=\"publications--hide-publications\" role=\"button\" aria-expanded=\"true\">\n                    Close <img decoding=\"async\" src=\"https:\/\/www.cue-architekten.de\/en\/wp-content\/themes\/cue-architekten\/build\/images\/arrow-up-white.svg\" width=\"16\" alt=\"\">\n                <\/a>\n            <\/div>\n        <\/div>\n    <\/div>\n<\/div>\n<\/div>\n\n<div class=\"block block--separator\">\r\n    <div class=\"container\">\r\n        <div class=\"separator--separator\"><\/div>\r\n    <\/div>\r\n<\/div>\n\n<div id=\"referenzen\"><div class=\"block block--references-office\">\n    <div class=\"references--top\">\n        <div class=\"container\">\n            <div class=\"row\">\n                                    <div class=\"col-12\">\n                        <div class=\"references--headline\">\n                            References                        <\/div>\n                    <\/div>\n                \n                <div class=\"col-12\">\n                    <div class=\"references--slider --6-columns\">\n                                                    <div class=\"slider--slide\">\n                                <img decoding=\"async\" class=\"img-fluid\" src=\"https:\/\/www.cue-architekten.de\/en\/wp-content\/uploads\/sites\/3\/2023\/01\/TUV-Rheinland.png\" alt=\"\" \/>\n                            <\/div>\n                                                    <div class=\"slider--slide\">\n                                <img decoding=\"async\" class=\"img-fluid\" src=\"https:\/\/www.cue-architekten.de\/en\/wp-content\/uploads\/sites\/3\/2021\/09\/Apple.png\" alt=\"\" \/>\n                            <\/div>\n                                                    <div class=\"slider--slide\">\n                                <img decoding=\"async\" class=\"img-fluid\" src=\"https:\/\/www.cue-architekten.de\/en\/wp-content\/uploads\/sites\/3\/2021\/09\/Douglas.png\" alt=\"\" \/>\n                            <\/div>\n                                                    <div class=\"slider--slide\">\n                                <img decoding=\"async\" class=\"img-fluid\" src=\"https:\/\/www.cue-architekten.de\/en\/wp-content\/uploads\/sites\/3\/2023\/01\/Zara.png\" alt=\"\" \/>\n                            <\/div>\n                                                    <div class=\"slider--slide\">\n                                <img decoding=\"async\" class=\"img-fluid\" src=\"https:\/\/www.cue-architekten.de\/en\/wp-content\/uploads\/sites\/3\/2021\/09\/Douglas-1.png\" alt=\"\" \/>\n                            <\/div>\n                                                    <div class=\"slider--slide\">\n                                <img decoding=\"async\" class=\"img-fluid\" src=\"https:\/\/www.cue-architekten.de\/en\/wp-content\/uploads\/sites\/3\/2023\/01\/PullBear.png\" alt=\"\" \/>\n                            <\/div>\n                                                    <div class=\"slider--slide\">\n                                <img decoding=\"async\" class=\"img-fluid\" src=\"https:\/\/www.cue-architekten.de\/en\/wp-content\/uploads\/sites\/3\/2021\/09\/orsay.png\" alt=\"\" \/>\n                            <\/div>\n                                                    <div class=\"slider--slide\">\n                                <img decoding=\"async\" class=\"img-fluid\" src=\"https:\/\/www.cue-architekten.de\/en\/wp-content\/uploads\/sites\/3\/2021\/09\/Esprit.png\" alt=\"\" \/>\n                            <\/div>\n                                                    <div class=\"slider--slide\">\n                                <img decoding=\"async\" class=\"img-fluid\" src=\"https:\/\/www.cue-architekten.de\/en\/wp-content\/uploads\/sites\/3\/2023\/01\/Bershka.png\" alt=\"\" \/>\n                            <\/div>\n                                                    <div class=\"slider--slide\">\n                                <img decoding=\"async\" class=\"img-fluid\" src=\"https:\/\/www.cue-architekten.de\/en\/wp-content\/uploads\/sites\/3\/2021\/09\/Hologate.png\" alt=\"\" \/>\n                            <\/div>\n                                                    <div class=\"slider--slide\">\n                                <img decoding=\"async\" class=\"img-fluid\" src=\"https:\/\/www.cue-architekten.de\/en\/wp-content\/uploads\/sites\/3\/2025\/10\/Massimo_Dutti.png\" alt=\"\" \/>\n                            <\/div>\n                                                    <div class=\"slider--slide\">\n                                <img decoding=\"async\" class=\"img-fluid\" src=\"https:\/\/www.cue-architekten.de\/en\/wp-content\/uploads\/sites\/3\/2021\/09\/Hugo-Boss.png\" alt=\"\" \/>\n                            <\/div>\n                                                    <div class=\"slider--slide\">\n                                <img decoding=\"async\" class=\"img-fluid\" src=\"https:\/\/www.cue-architekten.de\/en\/wp-content\/uploads\/sites\/3\/2021\/09\/Hunkemoeller.png\" alt=\"\" \/>\n                            <\/div>\n                                                    <div class=\"slider--slide\">\n                                <img decoding=\"async\" class=\"img-fluid\" src=\"https:\/\/www.cue-architekten.de\/en\/wp-content\/uploads\/sites\/3\/2021\/09\/Telekom-1.png\" alt=\"\" \/>\n                            <\/div>\n                                                    <div class=\"slider--slide\">\n                                <img decoding=\"async\" class=\"img-fluid\" src=\"https:\/\/www.cue-architekten.de\/en\/wp-content\/uploads\/sites\/3\/2021\/09\/Thalia-1.png\" alt=\"\" \/>\n                            <\/div>\n                                                    <div class=\"slider--slide\">\n                                <img decoding=\"async\" class=\"img-fluid\" src=\"https:\/\/www.cue-architekten.de\/en\/wp-content\/uploads\/sites\/3\/2023\/01\/Stradivarius.png\" alt=\"\" \/>\n                            <\/div>\n                                                    <div class=\"slider--slide\">\n                                <img decoding=\"async\" class=\"img-fluid\" src=\"https:\/\/www.cue-architekten.de\/en\/wp-content\/uploads\/sites\/3\/2021\/09\/Philips.png\" alt=\"\" \/>\n                            <\/div>\n                                                    <div class=\"slider--slide\">\n                                <img decoding=\"async\" class=\"img-fluid\" src=\"https:\/\/www.cue-architekten.de\/en\/wp-content\/uploads\/sites\/3\/2021\/09\/Goergens-Gruppe.png\" alt=\"\" \/>\n                            <\/div>\n                                                    <div class=\"slider--slide\">\n                                <img decoding=\"async\" class=\"img-fluid\" src=\"https:\/\/www.cue-architekten.de\/en\/wp-content\/uploads\/sites\/3\/2023\/01\/Oysho.png\" alt=\"\" \/>\n                            <\/div>\n                                            <\/div>\n                <\/div>\n            <\/div>\n\n                        <div class=\"references--link\">\n                <a href=\"#\" class=\"references--show-more-references\" role=\"button\" aria-expanded=\"false\">\n                    More references <img decoding=\"async\" src=\"https:\/\/www.cue-architekten.de\/en\/wp-content\/themes\/cue-architekten\/build\/images\/arrow-down.svg\" width=\"16\" alt=\"\">\n                <\/a>\n            <\/div>\n            \n                    <\/div>\n    <\/div>\n\n    <div class=\"references--bottom\">\n        <div class=\"container\">\n            <div class=\"row\">\n                <div class=\"col-12 col-lg-3\">\n                    <div class=\"references--headline\">\n                        All references                    <\/div>\n                <\/div>\n\n                <div class=\"col-12 col-lg-9\">\n                    <div class=\"references--more-references\">\n                        <div class=\"row justify-content-between\">\n                                                            <div class=\"col-12 col-lg-6 col-xl-4 references--reference\">\n                                    <div class=\"references--title\">Aachener Grundverm\u00f6gen<\/div>\n                                <\/div>\n                                                            <div class=\"col-12 col-lg-6 col-xl-4 references--reference\">\n                                    <div class=\"references--title\">Aiki<\/div>\n                                <\/div>\n                                                            <div class=\"col-12 col-lg-6 col-xl-4 references--reference\">\n                                    <div class=\"references--title\">Alcatel Lucent<\/div>\n                                <\/div>\n                                                            <div class=\"col-12 col-lg-6 col-xl-4 references--reference\">\n                                    <div class=\"references--title\">Apple<\/div>\n                                <\/div>\n                                                            <div class=\"col-12 col-lg-6 col-xl-4 references--reference\">\n                                    <div class=\"references--title\">Bershka<\/div>\n                                <\/div>\n                                                            <div class=\"col-12 col-lg-6 col-xl-4 references--reference\">\n                                    <div class=\"references--title\">Cosmopolitan<\/div>\n                                <\/div>\n                                                            <div class=\"col-12 col-lg-6 col-xl-4 references--reference\">\n                                    <div class=\"references--title\">Dekor<\/div>\n                                <\/div>\n                                                            <div class=\"col-12 col-lg-6 col-xl-4 references--reference\">\n                                    <div class=\"references--title\">Dogus Otomotiv<\/div>\n                                <\/div>\n                                                            <div class=\"col-12 col-lg-6 col-xl-4 references--reference\">\n                                    <div class=\"references--title\">Douglas<\/div>\n                                <\/div>\n                                                            <div class=\"col-12 col-lg-6 col-xl-4 references--reference\">\n                                    <div class=\"references--title\">E-Plus<\/div>\n                                <\/div>\n                                                            <div class=\"col-12 col-lg-6 col-xl-4 references--reference\">\n                                    <div class=\"references--title\">ECE<\/div>\n                                <\/div>\n                                                            <div class=\"col-12 col-lg-6 col-xl-4 references--reference\">\n                                    <div class=\"references--title\">EDC<\/div>\n                                <\/div>\n                                                            <div class=\"col-12 col-lg-6 col-xl-4 references--reference\">\n                                    <div class=\"references--title\">Elb<\/div>\n                                <\/div>\n                                                            <div class=\"col-12 col-lg-6 col-xl-4 references--reference\">\n                                    <div class=\"references--title\">Erna Baronin Schilling<br>von Canstatt-Stiftung<\/div>\n                                <\/div>\n                                                            <div class=\"col-12 col-lg-6 col-xl-4 references--reference\">\n                                    <div class=\"references--title\">Esprit<\/div>\n                                <\/div>\n                                                            <div class=\"col-12 col-lg-6 col-xl-4 references--reference\">\n                                    <div class=\"references--title\">Esprit Sports<\/div>\n                                <\/div>\n                                                            <div class=\"col-12 col-lg-6 col-xl-4 references--reference\">\n                                    <div class=\"references--title\">G\u00f6rgens Gruppe<\/div>\n                                <\/div>\n                                                            <div class=\"col-12 col-lg-6 col-xl-4 references--reference\">\n                                    <div class=\"references--title\">G\u00fcbelin<\/div>\n                                <\/div>\n                                                            <div class=\"col-12 col-lg-6 col-xl-4 references--reference\">\n                                    <div class=\"references--title\">Hologate<\/div>\n                                <\/div>\n                                                            <div class=\"col-12 col-lg-6 col-xl-4 references--reference\">\n                                    <div class=\"references--title\">Hugo Boss<\/div>\n                                <\/div>\n                                                            <div class=\"col-12 col-lg-6 col-xl-4 references--reference\">\n                                    <div class=\"references--title\">Hunkem\u00f6ller<\/div>\n                                <\/div>\n                                                            <div class=\"col-12 col-lg-6 col-xl-4 references--reference\">\n                                    <div class=\"references--title\">Jeans Palast<\/div>\n                                <\/div>\n                                                            <div class=\"col-12 col-lg-6 col-xl-4 references--reference\">\n                                    <div class=\"references--title\">Kondor Wessels<\/div>\n                                <\/div>\n                                                            <div class=\"col-12 col-lg-6 col-xl-4 references--reference\">\n                                    <div class=\"references--title\">Kult<\/div>\n                                <\/div>\n                                                            <div class=\"col-12 col-lg-6 col-xl-4 references--reference\">\n                                    <div class=\"references--title\">LRRH_<\/div>\n                                <\/div>\n                                                            <div class=\"col-12 col-lg-6 col-xl-4 references--reference\">\n                                    <div class=\"references--title\">Massimo Dutti<\/div>\n                                <\/div>\n                                                            <div class=\"col-12 col-lg-6 col-xl-4 references--reference\">\n                                    <div class=\"references--title\">Olymp &amp; Hades<\/div>\n                                <\/div>\n                                                            <div class=\"col-12 col-lg-6 col-xl-4 references--reference\">\n                                    <div class=\"references--title\">Orsay<\/div>\n                                <\/div>\n                                                            <div class=\"col-12 col-lg-6 col-xl-4 references--reference\">\n                                    <div class=\"references--title\">Oysho<\/div>\n                                <\/div>\n                                                            <div class=\"col-12 col-lg-6 col-xl-4 references--reference\">\n                                    <div class=\"references--title\">P.Pita<\/div>\n                                <\/div>\n                                                            <div class=\"col-12 col-lg-6 col-xl-4 references--reference\">\n                                    <div class=\"references--title\">Pf\u00e4lzische<br>Projektentwicklungsgesellschaft mbH<\/div>\n                                <\/div>\n                                                            <div class=\"col-12 col-lg-6 col-xl-4 references--reference\">\n                                    <div class=\"references--title\">Philips<\/div>\n                                <\/div>\n                                                            <div class=\"col-12 col-lg-6 col-xl-4 references--reference\">\n                                    <div class=\"references--title\">Pimkie<\/div>\n                                <\/div>\n                                                            <div class=\"col-12 col-lg-6 col-xl-4 references--reference\">\n                                    <div class=\"references--title\">Planet<\/div>\n                                <\/div>\n                                                            <div class=\"col-12 col-lg-6 col-xl-4 references--reference\">\n                                    <div class=\"references--title\">Pull&amp;Bear<\/div>\n                                <\/div>\n                                                            <div class=\"col-12 col-lg-6 col-xl-4 references--reference\">\n                                    <div class=\"references--title\">Quartier 99<\/div>\n                                <\/div>\n                                                            <div class=\"col-12 col-lg-6 col-xl-4 references--reference\">\n                                    <div class=\"references--title\">Reggeborgh<\/div>\n                                <\/div>\n                                                            <div class=\"col-12 col-lg-6 col-xl-4 references--reference\">\n                                    <div class=\"references--title\">Steinbruch<\/div>\n                                <\/div>\n                                                            <div class=\"col-12 col-lg-6 col-xl-4 references--reference\">\n                                    <div class=\"references--title\">Stradivarius<\/div>\n                                <\/div>\n                                                            <div class=\"col-12 col-lg-6 col-xl-4 references--reference\">\n                                    <div class=\"references--title\">Studio Juste<\/div>\n                                <\/div>\n                                                            <div class=\"col-12 col-lg-6 col-xl-4 references--reference\">\n                                    <div class=\"references--title\">Style<\/div>\n                                <\/div>\n                                                            <div class=\"col-12 col-lg-6 col-xl-4 references--reference\">\n                                    <div class=\"references--title\">Telekom<\/div>\n                                <\/div>\n                                                            <div class=\"col-12 col-lg-6 col-xl-4 references--reference\">\n                                    <div class=\"references--title\">T\u00dcV Rheinland<\/div>\n                                <\/div>\n                                                            <div class=\"col-12 col-lg-6 col-xl-4 references--reference\">\n                                    <div class=\"references--title\">Thalia<\/div>\n                                <\/div>\n                                                            <div class=\"col-12 col-lg-6 col-xl-4 references--reference\">\n                                    <div class=\"references--title\">Zara<\/div>\n                                <\/div>\n                                                    <\/div>\n                    <\/div>\n                <\/div>\n            <\/div>\n\n            <div class=\"references--link\">\n                <a href=\"#\" class=\"references--hide-more-references\" role=\"button\" aria-expanded=\"true\">\n                    Close <img decoding=\"async\" src=\"https:\/\/www.cue-architekten.de\/en\/wp-content\/themes\/cue-architekten\/build\/images\/arrow-up-white.svg\" width=\"16\" alt=\"\">\n                <\/a>\n            <\/div>\n        <\/div>\n    <\/div>\n<\/div>\n<\/div>","protected":false},"excerpt":{"rendered":"","protected":false},"author":1,"featured_media":0,"parent":0,"menu_order":3,"comment_status":"closed","ping_status":"closed","template":"","meta":{"_acf_changed":false,"footnotes":""},"class_list":["post-62","page","type-page","status-publish","hentry"],"acf":[],"yoast_head":"<!-- This site is optimized with the Yoast SEO plugin v27.2 - https:\/\/yoast.com\/product\/yoast-seo-wordpress\/ -->\n<title>Office - CUE Architekten<\/title>\n<meta name=\"robots\" content=\"index, follow, max-snippet:-1, max-image-preview:large, max-video-preview:-1\" \/>\n<link rel=\"canonical\" href=\"https:\/\/www.cue-architekten.de\/en\/office\/\" \/>\n<meta property=\"og:locale\" content=\"en_US\" \/>\n<meta property=\"og:type\" content=\"article\" \/>\n<meta property=\"og:title\" content=\"Office - CUE Architekten\" \/>\n<meta property=\"og:url\" content=\"https:\/\/www.cue-architekten.de\/en\/office\/\" \/>\n<meta property=\"og:site_name\" content=\"CUE Architekten\" \/>\n<meta property=\"article:modified_time\" content=\"2025-10-21T07:32:24+00:00\" \/>\n<meta name=\"twitter:card\" content=\"summary_large_image\" \/>\n<meta name=\"twitter:label1\" content=\"Est. reading time\" \/>\n\t<meta name=\"twitter:data1\" content=\"30 minutes\" \/>\n<script type=\"application\/ld+json\" class=\"yoast-schema-graph\">{\"@context\":\"https:\/\/schema.org\",\"@graph\":[{\"@type\":\"WebPage\",\"@id\":\"https:\/\/www.cue-architekten.de\/en\/office\/\",\"url\":\"https:\/\/www.cue-architekten.de\/en\/office\/\",\"name\":\"Office - CUE Architekten\",\"isPartOf\":{\"@id\":\"https:\/\/www.cue-architekten.de\/en\/#website\"},\"datePublished\":\"2020-11-09T15:22:35+00:00\",\"dateModified\":\"2025-10-21T07:32:24+00:00\",\"breadcrumb\":{\"@id\":\"https:\/\/www.cue-architekten.de\/en\/office\/#breadcrumb\"},\"inLanguage\":\"en-US\",\"potentialAction\":[{\"@type\":\"ReadAction\",\"target\":[\"https:\/\/www.cue-architekten.de\/en\/office\/\"]}]},{\"@type\":\"BreadcrumbList\",\"@id\":\"https:\/\/www.cue-architekten.de\/en\/office\/#breadcrumb\",\"itemListElement\":[{\"@type\":\"ListItem\",\"position\":1,\"name\":\"Home\",\"item\":\"https:\/\/www.cue-architekten.de\/en\/\"},{\"@type\":\"ListItem\",\"position\":2,\"name\":\"Office\"}]},{\"@type\":\"WebSite\",\"@id\":\"https:\/\/www.cue-architekten.de\/en\/#website\",\"url\":\"https:\/\/www.cue-architekten.de\/en\/\",\"name\":\"CUE Architekten\",\"description\":\"We develop comprehensive solutions for the architecture and retail design segments.\",\"publisher\":{\"@id\":\"https:\/\/www.cue-architekten.de\/en\/#organization\"},\"potentialAction\":[{\"@type\":\"SearchAction\",\"target\":{\"@type\":\"EntryPoint\",\"urlTemplate\":\"https:\/\/www.cue-architekten.de\/en\/?s={search_term_string}\"},\"query-input\":{\"@type\":\"PropertyValueSpecification\",\"valueRequired\":true,\"valueName\":\"search_term_string\"}}],\"inLanguage\":\"en-US\"},{\"@type\":\"Organization\",\"@id\":\"https:\/\/www.cue-architekten.de\/en\/#organization\",\"name\":\"CUE Architekten\",\"url\":\"https:\/\/www.cue-architekten.de\/en\/\",\"logo\":{\"@type\":\"ImageObject\",\"inLanguage\":\"en-US\",\"@id\":\"https:\/\/www.cue-architekten.de\/en\/#\/schema\/logo\/image\/\",\"url\":\"https:\/\/www.cue-architekten.de\/en\/wp-content\/uploads\/sites\/3\/2021\/01\/CUE-black.svg\",\"contentUrl\":\"https:\/\/www.cue-architekten.de\/en\/wp-content\/uploads\/sites\/3\/2021\/01\/CUE-black.svg\",\"width\":838,\"height\":351,\"caption\":\"CUE Architekten\"},\"image\":{\"@id\":\"https:\/\/www.cue-architekten.de\/en\/#\/schema\/logo\/image\/\"}}]}<\/script>\n<!-- \/ Yoast SEO plugin. -->","yoast_head_json":{"title":"Office - CUE Architekten","robots":{"index":"index","follow":"follow","max-snippet":"max-snippet:-1","max-image-preview":"max-image-preview:large","max-video-preview":"max-video-preview:-1"},"canonical":"https:\/\/www.cue-architekten.de\/en\/office\/","og_locale":"en_US","og_type":"article","og_title":"Office - CUE Architekten","og_url":"https:\/\/www.cue-architekten.de\/en\/office\/","og_site_name":"CUE Architekten","article_modified_time":"2025-10-21T07:32:24+00:00","twitter_card":"summary_large_image","twitter_misc":{"Est. reading time":"30 minutes"},"schema":{"@context":"https:\/\/schema.org","@graph":[{"@type":"WebPage","@id":"https:\/\/www.cue-architekten.de\/en\/office\/","url":"https:\/\/www.cue-architekten.de\/en\/office\/","name":"Office - CUE Architekten","isPartOf":{"@id":"https:\/\/www.cue-architekten.de\/en\/#website"},"datePublished":"2020-11-09T15:22:35+00:00","dateModified":"2025-10-21T07:32:24+00:00","breadcrumb":{"@id":"https:\/\/www.cue-architekten.de\/en\/office\/#breadcrumb"},"inLanguage":"en-US","potentialAction":[{"@type":"ReadAction","target":["https:\/\/www.cue-architekten.de\/en\/office\/"]}]},{"@type":"BreadcrumbList","@id":"https:\/\/www.cue-architekten.de\/en\/office\/#breadcrumb","itemListElement":[{"@type":"ListItem","position":1,"name":"Home","item":"https:\/\/www.cue-architekten.de\/en\/"},{"@type":"ListItem","position":2,"name":"Office"}]},{"@type":"WebSite","@id":"https:\/\/www.cue-architekten.de\/en\/#website","url":"https:\/\/www.cue-architekten.de\/en\/","name":"CUE Architekten","description":"We develop comprehensive solutions for the architecture and retail design segments.","publisher":{"@id":"https:\/\/www.cue-architekten.de\/en\/#organization"},"potentialAction":[{"@type":"SearchAction","target":{"@type":"EntryPoint","urlTemplate":"https:\/\/www.cue-architekten.de\/en\/?s={search_term_string}"},"query-input":{"@type":"PropertyValueSpecification","valueRequired":true,"valueName":"search_term_string"}}],"inLanguage":"en-US"},{"@type":"Organization","@id":"https:\/\/www.cue-architekten.de\/en\/#organization","name":"CUE Architekten","url":"https:\/\/www.cue-architekten.de\/en\/","logo":{"@type":"ImageObject","inLanguage":"en-US","@id":"https:\/\/www.cue-architekten.de\/en\/#\/schema\/logo\/image\/","url":"https:\/\/www.cue-architekten.de\/en\/wp-content\/uploads\/sites\/3\/2021\/01\/CUE-black.svg","contentUrl":"https:\/\/www.cue-architekten.de\/en\/wp-content\/uploads\/sites\/3\/2021\/01\/CUE-black.svg","width":838,"height":351,"caption":"CUE Architekten"},"image":{"@id":"https:\/\/www.cue-architekten.de\/en\/#\/schema\/logo\/image\/"}}]}},"_links":{"self":[{"href":"https:\/\/www.cue-architekten.de\/en\/wp-json\/wp\/v2\/pages\/62","targetHints":{"allow":["GET"]}}],"collection":[{"href":"https:\/\/www.cue-architekten.de\/en\/wp-json\/wp\/v2\/pages"}],"about":[{"href":"https:\/\/www.cue-architekten.de\/en\/wp-json\/wp\/v2\/types\/page"}],"author":[{"embeddable":true,"href":"https:\/\/www.cue-architekten.de\/en\/wp-json\/wp\/v2\/users\/1"}],"replies":[{"embeddable":true,"href":"https:\/\/www.cue-architekten.de\/en\/wp-json\/wp\/v2\/comments?post=62"}],"version-history":[{"count":5,"href":"https:\/\/www.cue-architekten.de\/en\/wp-json\/wp\/v2\/pages\/62\/revisions"}],"predecessor-version":[{"id":2701,"href":"https:\/\/www.cue-architekten.de\/en\/wp-json\/wp\/v2\/pages\/62\/revisions\/2701"}],"wp:attachment":[{"href":"https:\/\/www.cue-architekten.de\/en\/wp-json\/wp\/v2\/media?parent=62"}],"curies":[{"name":"wp","href":"https:\/\/api.w.org\/{rel}","templated":true}]}}